{"id":148,"date":"2017-11-06T13:10:21","date_gmt":"2017-11-06T12:10:21","guid":{"rendered":"http:\/\/test.staedtische-agrikultur.de\/?page_id=148"},"modified":"2020-02-24T16:07:01","modified_gmt":"2020-02-24T15:07:01","slug":"wissen-downloads","status":"publish","type":"page","link":"https:\/\/staedtische-agrikultur.de\/index.php\/wissen-downloads\/","title":{"rendered":"Wissen &#038; Downloads"},"content":{"rendered":"<p>[et_pb_section fb_built=&#8220;1&#8243; _builder_version=&#8220;3.22.3&#8243; background_color=&#8220;#00967f&#8220; background_image=&#8220;https:\/\/staedtische-agrikultur.de\/wp-content\/uploads\/2019\/04\/652618_original_R_K_B_by_Rainer-Sturm_pixelio.de_.png&#8220; parallax=&#8220;on&#8220; parallax_method=&#8220;off&#8220; custom_margin=&#8220;|||&#8220; custom_padding=&#8220;0px|0px|0px|0px&#8220;][et_pb_row column_structure=&#8220;3_4,1_4&#8243; _builder_version=&#8220;3.25&#8243; custom_padding=&#8220;100px||0||false|false&#8220;][et_pb_column type=&#8220;3_4&#8243; _builder_version=&#8220;3.25&#8243; custom_padding=&#8220;|||&#8220; custom_padding__hover=&#8220;|||&#8220;][et_pb_blurb title=&#8220;Wissen &#038; Downloads&#8220; image_max_width=&#8220;1000px&#8220; content_max_width=&#8220;1000px&#8220; image_max_width_tablet=&#8220;&#8220; image_max_width_phone=&#8220;&#8220; image_max_width_last_edited=&#8220;on|desktop&#8220; content_max_width_tablet=&#8220;&#8220; content_max_width_phone=&#8220;&#8220; content_max_width_last_edited=&#8220;on|desktop&#8220; _builder_version=&#8220;3.17.6&#8243; header_text_color=&#8220;#ffffff&#8220; header_font_size=&#8220;42px&#8220; body_font=&#8220;Comfortaa||||&#8220; body_text_align=&#8220;left&#8220; body_text_color=&#8220;#ffffff&#8220; max_width=&#8220;1000px&#8220; max_width_tablet=&#8220;&#8220; max_width_phone=&#8220;&#8220; max_width_last_edited=&#8220;on|desktop&#8220; module_alignment=&#8220;right&#8220; custom_padding=&#8220;0px|||&#8220;][\/et_pb_blurb][\/et_pb_column][et_pb_column type=&#8220;1_4&#8243; _builder_version=&#8220;3.25&#8243; custom_padding=&#8220;|||&#8220; custom_padding__hover=&#8220;|||&#8220;][\/et_pb_column][\/et_pb_row][et_pb_row column_structure=&#8220;1_2,1_2&#8243; _builder_version=&#8220;3.25&#8243; custom_padding=&#8220;40px||80px||false|false&#8220;][et_pb_column type=&#8220;1_2&#8243; _builder_version=&#8220;3.25&#8243; custom_padding=&#8220;|||&#8220; custom_padding__hover=&#8220;|||&#8220;][et_pb_blurb image_max_width=&#8220;1000px&#8220; content_max_width=&#8220;1000px&#8220; image_max_width_tablet=&#8220;&#8220; image_max_width_phone=&#8220;&#8220; image_max_width_last_edited=&#8220;on|desktop&#8220; content_max_width_tablet=&#8220;&#8220; content_max_width_phone=&#8220;&#8220; content_max_width_last_edited=&#8220;on|desktop&#8220; _builder_version=&#8220;3.17.6&#8243; header_text_color=&#8220;#ffffff&#8220; header_font_size=&#8220;42px&#8220; body_font=&#8220;Comfortaa||||&#8220; body_text_align=&#8220;left&#8220; body_text_color=&#8220;#ffffff&#8220; max_width=&#8220;1000px&#8220; max_width_tablet=&#8220;&#8220; max_width_phone=&#8220;&#8220; max_width_last_edited=&#8220;on|desktop&#8220; module_alignment=&#8220;right&#8220; custom_padding=&#8220;0px|||&#8220;]<\/p>\n<p>Hier finden Sie eine Zusammenstellung aus hilfreichen Erl\u00e4uterungen, Links und Downloads, geordnet nach der Art der Information.<\/p>\n<p>[\/et_pb_blurb][\/et_pb_column][et_pb_column type=&#8220;1_2&#8243; _builder_version=&#8220;3.25&#8243; custom_padding=&#8220;|||&#8220; custom_padding__hover=&#8220;|||&#8220;][\/et_pb_column][\/et_pb_row][\/et_pb_section][et_pb_section fb_built=&#8220;1&#8243; module_id=&#8220;dokumente&#8220; _builder_version=&#8220;3.22.3&#8243; background_color=&#8220;#00967f&#8220; custom_padding=&#8220;0|0px|0|0px|false|false&#8220;][et_pb_row _builder_version=&#8220;3.25&#8243; custom_padding=&#8220;0|0px|0|0px|false|false&#8220;][et_pb_column type=&#8220;4_4&#8243; _builder_version=&#8220;3.25&#8243; custom_padding=&#8220;|||&#8220; custom_padding__hover=&#8220;|||&#8220;][et_pb_divider show_divider=&#8220;off&#8220; _builder_version=&#8220;3.17.6&#8243;][\/et_pb_divider][\/et_pb_column][\/et_pb_row][\/et_pb_section][et_pb_section fb_built=&#8220;1&#8243; _builder_version=&#8220;3.22.3&#8243; background_color=&#8220;#00967f&#8220; parallax=&#8220;on&#8220; parallax_method=&#8220;off&#8220; custom_margin=&#8220;|||&#8220; custom_padding=&#8220;0px|0px|0px|0px&#8220;][et_pb_row column_structure=&#8220;1_3,1_3,1_3&#8243; _builder_version=&#8220;3.25&#8243; custom_padding=&#8220;80px||80px|&#8220;][et_pb_column type=&#8220;1_3&#8243; _builder_version=&#8220;3.25&#8243; custom_padding=&#8220;|||&#8220; custom_padding__hover=&#8220;|||&#8220;][et_pb_blurb title=&#8220;SAIN-Dokumente &#038; Medien&#8220; image_max_width=&#8220;1000px&#8220; content_max_width=&#8220;1000px&#8220; image_max_width_tablet=&#8220;&#8220; image_max_width_phone=&#8220;&#8220; image_max_width_last_edited=&#8220;on|desktop&#8220; content_max_width_tablet=&#8220;&#8220; content_max_width_phone=&#8220;&#8220; content_max_width_last_edited=&#8220;on|desktop&#8220; _builder_version=&#8220;3.17.6&#8243; header_text_color=&#8220;#ffffff&#8220; header_font_size=&#8220;42px&#8220; body_font=&#8220;Comfortaa||||&#8220; body_text_align=&#8220;left&#8220; body_text_color=&#8220;#ffffff&#8220; max_width=&#8220;1000px&#8220; max_width_tablet=&#8220;&#8220; max_width_phone=&#8220;&#8220; max_width_last_edited=&#8220;on|desktop&#8220; module_alignment=&#8220;right&#8220; custom_padding=&#8220;0px|||&#8220;][\/et_pb_blurb][\/et_pb_column][et_pb_column type=&#8220;1_3&#8243; _builder_version=&#8220;3.25&#8243; custom_padding=&#8220;|||&#8220; custom_padding__hover=&#8220;|||&#8220;][et_pb_blurb title=&#8220;Die Ern\u00e4hrungssituation in Bonn \/\/ Interview&#8220; url=&#8220;https:\/\/www.youtube.com\/watch?time_continue=138&#038;v=gOQb7lE7mkU&#8220; url_new_window=&#8220;on&#8220; use_icon=&#8220;on&#8220; font_icon=&#8220;%%89%%&#8220; icon_placement=&#8220;left&#8220; content_max_width=&#8220;1000px&#8220; image_max_width_tablet=&#8220;&#8220; image_max_width_phone=&#8220;&#8220; image_max_width_last_edited=&#8220;on|desktop&#8220; content_max_width_tablet=&#8220;&#8220; content_max_width_phone=&#8220;&#8220; content_max_width_last_edited=&#8220;on|desktop&#8220; _builder_version=&#8220;3.26.3&#8243; header_text_color=&#8220;#ffffff&#8220; header_font_size=&#8220;24px&#8220; header_line_height=&#8220;1.2em&#8220; body_font=&#8220;Comfortaa||||&#8220; body_text_align=&#8220;left&#8220; body_text_color=&#8220;#ffffff&#8220; max_width=&#8220;1000px&#8220; max_width_tablet=&#8220;&#8220; max_width_phone=&#8220;&#8220; max_width_last_edited=&#8220;on|desktop&#8220; module_alignment=&#8220;right&#8220; custom_margin=&#8220;0px|||&#8220; custom_padding=&#8220;0px|||&#8220;]<\/p>\n<p class=\"title style-scope ytd-video-primary-info-renderer\">Atelier3Zeit, SAIN<br \/> Lorenz Kampmeier und Andrea Muno-Lindenau<\/p>\n<p>[\/et_pb_blurb][et_pb_blurb title=&#8220;Download Kurzpr\u00e4sentation SAIN&#8220; url=&#8220;https:\/\/staedtische-agrikultur.de\/wp-content\/uploads\/2018\/06\/Kurzpr\u00e4sentation_SAIN.pdf&#8220; url_new_window=&#8220;on&#8220; use_icon=&#8220;on&#8220; font_icon=&#8220;%%158%%&#8220; icon_placement=&#8220;left&#8220; content_max_width=&#8220;1000px&#8220; image_max_width_tablet=&#8220;&#8220; image_max_width_phone=&#8220;&#8220; image_max_width_last_edited=&#8220;on|desktop&#8220; content_max_width_tablet=&#8220;&#8220; content_max_width_phone=&#8220;&#8220; content_max_width_last_edited=&#8220;on|desktop&#8220; _builder_version=&#8220;3.17.6&#8243; header_text_color=&#8220;#ffffff&#8220; header_font_size=&#8220;24px&#8220; header_line_height=&#8220;1.2em&#8220; body_font=&#8220;Comfortaa||||&#8220; body_text_align=&#8220;left&#8220; body_text_color=&#8220;#ffffff&#8220; max_width_tablet=&#8220;&#8220; max_width_phone=&#8220;&#8220; max_width_last_edited=&#8220;on|desktop&#8220; module_alignment=&#8220;right&#8220; custom_margin=&#8220;0px|||&#8220; custom_padding=&#8220;0px|||&#8220;]<\/p>\n<p>Folien zur Pr\u00e4sentation des Projektes SAIN vor dem BMBF in Berlin<br \/>21. September 2017<\/p>\n<p>[\/et_pb_blurb][et_pb_divider show_divider=&#8220;off&#8220; _builder_version=&#8220;3.17.6&#8243;][\/et_pb_divider][et_pb_blurb title=&#8220;Download SAIN-Flyer &#8220; url=&#8220;https:\/\/staedtische-agrikultur.de\/wp-content\/uploads\/2018\/04\/Flyer_SAIN_St%C3%A4dtische-Agrikultur.pdf&#8220; url_new_window=&#8220;on&#8220; use_icon=&#8220;on&#8220; font_icon=&#8220;%%124%%&#8220; icon_placement=&#8220;left&#8220; content_max_width=&#8220;1000px&#8220; image_max_width_tablet=&#8220;&#8220; image_max_width_phone=&#8220;&#8220; image_max_width_last_edited=&#8220;on|desktop&#8220; content_max_width_tablet=&#8220;&#8220; content_max_width_phone=&#8220;&#8220; content_max_width_last_edited=&#8220;on|desktop&#8220; _builder_version=&#8220;3.17.6&#8243; header_text_color=&#8220;#ffffff&#8220; header_font_size=&#8220;24px&#8220; header_line_height=&#8220;1.2em&#8220; body_font=&#8220;Comfortaa||||&#8220; body_text_align=&#8220;left&#8220; body_text_color=&#8220;#ffffff&#8220; max_width=&#8220;1000px&#8220; max_width_tablet=&#8220;&#8220; max_width_phone=&#8220;&#8220; max_width_last_edited=&#8220;on|desktop&#8220; module_alignment=&#8220;right&#8220; custom_margin=&#8220;0px|||&#8220; custom_padding=&#8220;0px|||&#8220;]<\/p>\n<p>Der Flyer des Forschungsprojektes SAIN zum Herunterladen und Weiterleiten<br \/>April 2018<\/p>\n<p>[\/et_pb_blurb][et_pb_video src=&#8220;https:\/\/youtu.be\/gMdN5Kzlghk&#8220; play_icon_color=&#8220;#ffffff&#8220; _builder_version=&#8220;3.21.2&#8243; custom_padding=&#8220;|||&#8220; border_radii=&#8220;on|3px|3px|3px|3px&#8220; border_width_all=&#8220;4px&#8220; border_color_all=&#8220;#ffffff&#8220;][\/et_pb_video][et_pb_video src=&#8220;https:\/\/www.youtube.com\/watch?v=p2wzhhfkzH4&#8243; play_icon_color=&#8220;#ffffff&#8220; _builder_version=&#8220;3.19.12&#8243; custom_padding=&#8220;|||&#8220; border_radii=&#8220;on|3px|3px|3px|3px&#8220; border_width_all=&#8220;4px&#8220; border_color_all=&#8220;#ffffff&#8220;][\/et_pb_video][\/et_pb_column][et_pb_column type=&#8220;1_3&#8243; _builder_version=&#8220;3.25&#8243; custom_padding=&#8220;|||&#8220; custom_padding__hover=&#8220;|||&#8220;][et_pb_blurb title=&#8220;Download SAIN-Fragebogen&#8220; url=&#8220;https:\/\/staedtische-agrikultur.de\/wp-content\/uploads\/2018\/03\/Fragebogen-SAIN_formular.pdf&#8220; url_new_window=&#8220;on&#8220; use_icon=&#8220;on&#8220; font_icon=&#8220;%%75%%&#8220; icon_placement=&#8220;left&#8220; content_max_width=&#8220;1000px&#8220; image_max_width_tablet=&#8220;&#8220; image_max_width_phone=&#8220;&#8220; image_max_width_last_edited=&#8220;on|desktop&#8220; content_max_width_tablet=&#8220;&#8220; content_max_width_phone=&#8220;&#8220; content_max_width_last_edited=&#8220;on|desktop&#8220; _builder_version=&#8220;3.17.6&#8243; header_text_color=&#8220;#ffffff&#8220; header_font_size=&#8220;24px&#8220; header_line_height=&#8220;1.2em&#8220; body_font=&#8220;Comfortaa||||&#8220; body_text_align=&#8220;left&#8220; body_text_color=&#8220;#ffffff&#8220; max_width=&#8220;1000px&#8220; max_width_tablet=&#8220;&#8220; max_width_phone=&#8220;&#8220; max_width_last_edited=&#8220;on|desktop&#8220; module_alignment=&#8220;right&#8220; custom_margin=&#8220;0px|||&#8220; custom_padding=&#8220;0px|||&#8220;]<\/p>\n<p>Helfen Sie mit und sammeln Sie Daten! Das Ziel des Fragebogens ist es, eine Datenbasis f\u00fcr konkrete Stoffstr\u00f6me in Oberhausen und Bonn aufzubauen. Den ausgef\u00fcllten Fragebogen k\u00f6nnen Sie \u00fcber kontakt@websites.fraunhofer.de uns senden, wir werten ihn anonym aus.<\/p>\n<p>[\/et_pb_blurb][et_pb_video src=&#8220;https:\/\/youtu.be\/0Jiq4Mxpkt0&#8243; _builder_version=&#8220;3.9&#8243; border_radii=&#8220;on|3px|3px|3px|3px&#8220; border_width_all=&#8220;4px&#8220; border_color_all=&#8220;#ffffff&#8220;][\/et_pb_video][et_pb_video src=&#8220;https:\/\/youtu.be\/g1Tu30gQFgU&#8220; _builder_version=&#8220;3.17.6&#8243; border_radii=&#8220;on|3px|3px|3px|3px&#8220; border_width_all=&#8220;4px&#8220; border_color_all=&#8220;#ffffff&#8220;][\/et_pb_video][\/et_pb_column][\/et_pb_row][\/et_pb_section][et_pb_section fb_built=&#8220;1&#8243; module_id=&#8220;presse&#8220; _builder_version=&#8220;3.22.3&#8243; background_color=&#8220;#00967f&#8220; parallax=&#8220;on&#8220; parallax_method=&#8220;off&#8220; custom_margin=&#8220;|||&#8220; custom_padding=&#8220;0px|0px|0px|0px&#8220; custom_css_main_element=&#8220;@.presse|| position:top || &#8222;][et_pb_row _builder_version=&#8220;3.25&#8243; custom_padding=&#8220;|||&#8220;][et_pb_column type=&#8220;4_4&#8243; _builder_version=&#8220;3.25&#8243; custom_padding=&#8220;|||&#8220; custom_padding__hover=&#8220;|||&#8220;][et_pb_divider divider_position=&#8220;center&#8220; divider_weight=&#8220;4px&#8220; _builder_version=&#8220;3.2&#8243; height=&#8220;10px&#8220; saved_tabs=&#8220;all&#8220;][\/et_pb_divider][\/et_pb_column][\/et_pb_row][\/et_pb_section][et_pb_section fb_built=&#8220;1&#8243; _builder_version=&#8220;3.22.3&#8243; background_color=&#8220;#00967f&#8220; parallax=&#8220;on&#8220; parallax_method=&#8220;off&#8220; custom_margin=&#8220;|||&#8220; custom_padding=&#8220;0px|0px|0px|0px|false|false&#8220; custom_css_main_element=&#8220;||&#8220;][et_pb_row column_structure=&#8220;1_3,1_3,1_3&#8243; _builder_version=&#8220;3.25&#8243; custom_padding=&#8220;80px||80px||false|false&#8220;][et_pb_column type=&#8220;1_3&#8243; _builder_version=&#8220;3.25&#8243; custom_padding=&#8220;|||&#8220; custom_padding__hover=&#8220;|||&#8220;][et_pb_blurb title=&#8220;SAIN-Presse&#8220; image_max_width=&#8220;1000px&#8220; content_max_width=&#8220;1000px&#8220; image_max_width_tablet=&#8220;&#8220; image_max_width_phone=&#8220;&#8220; image_max_width_last_edited=&#8220;on|desktop&#8220; content_max_width_tablet=&#8220;&#8220; content_max_width_phone=&#8220;&#8220; content_max_width_last_edited=&#8220;on|desktop&#8220; _builder_version=&#8220;3.19.17&#8243; header_text_color=&#8220;#ffffff&#8220; header_font_size=&#8220;42px&#8220; body_font=&#8220;Comfortaa||||&#8220; body_text_align=&#8220;left&#8220; body_text_color=&#8220;#ffffff&#8220; max_width=&#8220;1000px&#8220; max_width_tablet=&#8220;&#8220; max_width_phone=&#8220;&#8220; max_width_last_edited=&#8220;on|desktop&#8220; module_alignment=&#8220;right&#8220; custom_padding=&#8220;0px|||&#8220;][\/et_pb_blurb][\/et_pb_column][et_pb_column type=&#8220;1_3&#8243; _builder_version=&#8220;3.25&#8243; custom_padding=&#8220;|||&#8220; custom_padding__hover=&#8220;|||&#8220;][et_pb_blurb title=&#8220;Auf BOBie, dem Riesendreirad von Bolle, CO2-frei durch Bonn&#8220; url=&#8220;https:\/\/bolle-bonn.de\/news\/auf-bobie-dem-riesendreirad-von-bolle-co2-frei-durch-bonn&#8220; url_new_window=&#8220;on&#8220; use_icon=&#8220;on&#8220; font_icon=&#8220;%%71%%&#8220; icon_placement=&#8220;left&#8220; content_max_width=&#8220;1000px&#8220; image_max_width_tablet=&#8220;&#8220; image_max_width_phone=&#8220;&#8220; image_max_width_last_edited=&#8220;on|desktop&#8220; content_max_width_tablet=&#8220;&#8220; content_max_width_phone=&#8220;&#8220; content_max_width_last_edited=&#8220;on|desktop&#8220; _builder_version=&#8220;4.3.3&#8243; header_text_color=&#8220;#ffffff&#8220; header_font_size=&#8220;24px&#8220; header_line_height=&#8220;1.2em&#8220; body_font=&#8220;Comfortaa||||&#8220; body_text_align=&#8220;left&#8220; body_text_color=&#8220;#ffffff&#8220; max_width=&#8220;1000px&#8220; max_width_tablet=&#8220;&#8220; max_width_phone=&#8220;&#8220; max_width_last_edited=&#8220;on|desktop&#8220; module_alignment=&#8220;right&#8220; custom_margin=&#8220;0px|||&#8220; custom_padding=&#8220;0px|||&#8220; hover_enabled=&#8220;0&#8243;]Artikel \u00fcber das Lastenrad<br \/>\nbolle-bonn.de<br \/>\n18. Februar 2020[\/et_pb_blurb][et_pb_blurb title=&#8220;Kita-Kinder g\u00e4rtnern an neuem Hochbeet in Osterfeld&#8220; url=&#8220;https:\/\/www.waz.de\/staedte\/oberhausen\/kita-kinder-gaertnern-an-neuem-hochbeet-in-osterfeld-id227136621.html&#8220; url_new_window=&#8220;on&#8220; use_icon=&#8220;on&#8220; font_icon=&#8220;%%71%%&#8220; icon_placement=&#8220;left&#8220; content_max_width=&#8220;1000px&#8220; image_max_width_tablet=&#8220;&#8220; image_max_width_phone=&#8220;&#8220; image_max_width_last_edited=&#8220;on|desktop&#8220; content_max_width_tablet=&#8220;&#8220; content_max_width_phone=&#8220;&#8220; content_max_width_last_edited=&#8220;on|desktop&#8220; _builder_version=&#8220;3.29.3&#8243; header_text_color=&#8220;#ffffff&#8220; header_font_size=&#8220;24px&#8220; header_line_height=&#8220;1.2em&#8220; body_font=&#8220;Comfortaa||||&#8220; body_text_align=&#8220;left&#8220; body_text_color=&#8220;#ffffff&#8220; max_width=&#8220;1000px&#8220; max_width_tablet=&#8220;&#8220; max_width_phone=&#8220;&#8220; max_width_last_edited=&#8220;on|desktop&#8220; module_alignment=&#8220;right&#8220; custom_margin=&#8220;0px|||&#8220; custom_padding=&#8220;0px|||&#8220;]<\/p>\n<p>Artikel \u00fcber das autarke Hochbeet in der WAZ<br \/>19. September 2019<\/p>\n<p>[\/et_pb_blurb][et_pb_blurb title=&#8220;Intelligente Beete f\u00fcr gestresste St\u00e4dter&#8220; url=&#8220;https:\/\/www.dw.com\/de\/intelligente-beete-f%C3%BCr-gestresste-st%C3%A4dter\/a-48676340&#8243; url_new_window=&#8220;on&#8220; use_icon=&#8220;on&#8220; font_icon=&#8220;%%71%%&#8220; icon_placement=&#8220;left&#8220; content_max_width=&#8220;1000px&#8220; image_max_width_tablet=&#8220;&#8220; image_max_width_phone=&#8220;&#8220; image_max_width_last_edited=&#8220;on|desktop&#8220; content_max_width_tablet=&#8220;&#8220; content_max_width_phone=&#8220;&#8220; content_max_width_last_edited=&#8220;on|desktop&#8220; _builder_version=&#8220;3.29.3&#8243; header_text_color=&#8220;#ffffff&#8220; header_font_size=&#8220;24px&#8220; header_line_height=&#8220;1.2em&#8220; body_font=&#8220;Comfortaa||||&#8220; body_text_align=&#8220;left&#8220; body_text_color=&#8220;#ffffff&#8220; max_width=&#8220;1000px&#8220; max_width_tablet=&#8220;&#8220; max_width_phone=&#8220;&#8220; max_width_last_edited=&#8220;on|desktop&#8220; module_alignment=&#8220;right&#8220; custom_margin=&#8220;0px|||&#8220; custom_padding=&#8220;0px|||&#8220;]<\/p>\n<p>Artikel \u00fcber energieautarke Hochbeete in der Deutschen Welle<br \/> 09. Mai 2019<\/p>\n<p>[\/et_pb_blurb][et_pb_blurb title=&#8220;Oberhausener lernen, wie Pilzzucht funktioniert&#8220; url=&#8220;https:\/\/www.waz.de\/staedte\/oberhausen\/oberhausener-lernen-wie-die-pilzzucht-funktioniert-id217117707.html&#8220; url_new_window=&#8220;on&#8220; use_icon=&#8220;on&#8220; font_icon=&#8220;%%71%%&#8220; icon_placement=&#8220;left&#8220; content_max_width=&#8220;1000px&#8220; image_max_width_tablet=&#8220;&#8220; image_max_width_phone=&#8220;&#8220; image_max_width_last_edited=&#8220;on|desktop&#8220; content_max_width_tablet=&#8220;&#8220; content_max_width_phone=&#8220;&#8220; content_max_width_last_edited=&#8220;on|desktop&#8220; _builder_version=&#8220;3.22.7&#8243; header_text_color=&#8220;#ffffff&#8220; header_font_size=&#8220;24px&#8220; header_line_height=&#8220;1.2em&#8220; body_font=&#8220;Comfortaa||||&#8220; body_text_align=&#8220;left&#8220; body_text_color=&#8220;#ffffff&#8220; max_width_tablet=&#8220;&#8220; max_width_phone=&#8220;&#8220; max_width_last_edited=&#8220;on|desktop&#8220; module_alignment=&#8220;right&#8220; custom_margin=&#8220;0px|||&#8220; custom_padding=&#8220;0px|||&#8220; animation_style=&#8220;fold&#8220;]<\/p>\n<p>Pressemitteilung \u00fcber den Pilzworkshop in der WAZ<br \/> 08. Mai 2019<\/p>\n<p>[\/et_pb_blurb][et_pb_blurb title=&#8220;Urban Gardening: Die Stadt, mein Garten&#8220; url=&#8220;https:\/\/www.dw.com\/de\/urban-gardening-die-stadt-mein-garten\/a-46527857&#8243; url_new_window=&#8220;on&#8220; use_icon=&#8220;on&#8220; font_icon=&#8220;%%71%%&#8220; icon_placement=&#8220;left&#8220; content_max_width=&#8220;1000px&#8220; image_max_width_tablet=&#8220;&#8220; image_max_width_phone=&#8220;&#8220; image_max_width_last_edited=&#8220;on|desktop&#8220; content_max_width_tablet=&#8220;&#8220; content_max_width_phone=&#8220;&#8220; content_max_width_last_edited=&#8220;on|desktop&#8220; _builder_version=&#8220;3.17.6&#8243; header_text_color=&#8220;#ffffff&#8220; header_font_size=&#8220;24px&#8220; header_line_height=&#8220;1.2em&#8220; body_font=&#8220;Comfortaa||||&#8220; body_text_align=&#8220;left&#8220; body_text_color=&#8220;#ffffff&#8220; max_width=&#8220;1000px&#8220; max_width_tablet=&#8220;&#8220; max_width_phone=&#8220;&#8220; max_width_last_edited=&#8220;on|desktop&#8220; module_alignment=&#8220;right&#8220; custom_margin=&#8220;0px|||&#8220; custom_padding=&#8220;0px|||&#8220;]<\/p>\n<p>Artikel \u00fcber Urban Gardening in der Deutschen Welle<br \/>03. Dezember 2018<\/p>\n<p>[\/et_pb_blurb][et_pb_blurb title=&#8220;Biologische Vielfalt beginnt im eigenen Garten&#8220; url=&#8220;https:\/\/www.ble.de\/SharedDocs\/Pressemitteilungen\/DE\/2018\/181127_Biologische_Vielfalt.html&#8220; url_new_window=&#8220;on&#8220; use_icon=&#8220;on&#8220; font_icon=&#8220;%%71%%&#8220; icon_placement=&#8220;left&#8220; content_max_width=&#8220;1000px&#8220; image_max_width_tablet=&#8220;&#8220; image_max_width_phone=&#8220;&#8220; image_max_width_last_edited=&#8220;on|desktop&#8220; content_max_width_tablet=&#8220;&#8220; content_max_width_phone=&#8220;&#8220; content_max_width_last_edited=&#8220;on|desktop&#8220; _builder_version=&#8220;3.17.6&#8243; header_text_color=&#8220;#ffffff&#8220; header_font_size=&#8220;24px&#8220; header_line_height=&#8220;1.2em&#8220; body_font=&#8220;Comfortaa||||&#8220; body_text_align=&#8220;left&#8220; body_text_color=&#8220;#ffffff&#8220; max_width_tablet=&#8220;&#8220; max_width_phone=&#8220;&#8220; max_width_last_edited=&#8220;on|desktop&#8220; module_alignment=&#8220;right&#8220; custom_margin=&#8220;0px|||&#8220; custom_padding=&#8220;0px|||&#8220;]<\/p>\n<p>Pressemitteilung der Bundesanstalt f\u00fcr Landwirtschaft und Ern\u00e4hrung \u00fcber seltene Sorten, Pilzzucht und Lebensmittelrettung<br \/>11. November 2018<\/p>\n<p>[\/et_pb_blurb][et_pb_blurb title=&#8220;Rotes Band f\u00fcr die Pilze&#8220; url_new_window=&#8220;on&#8220; use_icon=&#8220;on&#8220; font_icon=&#8220;%%71%%&#8220; icon_placement=&#8220;left&#8220; content_max_width=&#8220;1000px&#8220; image_max_width_tablet=&#8220;&#8220; image_max_width_phone=&#8220;&#8220; image_max_width_last_edited=&#8220;on|desktop&#8220; content_max_width_tablet=&#8220;&#8220; content_max_width_phone=&#8220;&#8220; content_max_width_last_edited=&#8220;on|desktop&#8220; _builder_version=&#8220;3.19.8&#8243; header_text_color=&#8220;#ffffff&#8220; header_font_size=&#8220;24px&#8220; header_line_height=&#8220;1.2em&#8220; body_font=&#8220;Comfortaa||||&#8220; body_text_align=&#8220;left&#8220; body_text_color=&#8220;#ffffff&#8220; max_width=&#8220;1000px&#8220; max_width_tablet=&#8220;&#8220; max_width_phone=&#8220;&#8220; max_width_last_edited=&#8220;on|desktop&#8220; module_alignment=&#8220;right&#8220; custom_margin=&#8220;0px|||&#8220; custom_padding=&#8220;0px|||&#8220;]<\/p>\n<p>Westdeutsche Allgemeine (WAZ)<br \/> Auflage: 5604, S. 14<br \/> 01. November 2018<\/p>\n<p>[\/et_pb_blurb][et_pb_blurb title=&#8220;Der erste Pilzgarten ist er\u00f6ffnet&#8220; url_new_window=&#8220;on&#8220; use_icon=&#8220;on&#8220; font_icon=&#8220;%%71%%&#8220; icon_placement=&#8220;left&#8220; content_max_width=&#8220;1000px&#8220; image_max_width_tablet=&#8220;&#8220; image_max_width_phone=&#8220;&#8220; image_max_width_last_edited=&#8220;on|desktop&#8220; content_max_width_tablet=&#8220;&#8220; content_max_width_phone=&#8220;&#8220; content_max_width_last_edited=&#8220;on|desktop&#8220; _builder_version=&#8220;3.19.8&#8243; header_text_color=&#8220;#ffffff&#8220; header_font_size=&#8220;24px&#8220; header_line_height=&#8220;1.2em&#8220; body_font=&#8220;Comfortaa||||&#8220; body_text_align=&#8220;left&#8220; body_text_color=&#8220;#ffffff&#8220; max_width=&#8220;1000px&#8220; max_width_tablet=&#8220;&#8220; max_width_phone=&#8220;&#8220; max_width_last_edited=&#8220;on|desktop&#8220; module_alignment=&#8220;right&#8220; custom_margin=&#8220;0px|||&#8220; custom_padding=&#8220;0px|||&#8220; link_option_url_new_window=&#8220;on&#8220;]<\/p>\n<p>Westdeutsche Allgemeine (WAZ)<br \/>Auflage: 5604, S. 11<br \/> 31. Oktober 2018<\/p>\n<p>[\/et_pb_blurb][et_pb_blurb title=&#8220;Haus Ripshorst er\u00f6ffnet \u00f6ffentlichen Pilzgarten&#8220; url=&#8220;https:\/\/www.wr.de\/staedte\/oberhausen\/erster-oeffentlicher-pilzgarten-waechst-und-gedeiht-id215686941.html&#8220; url_new_window=&#8220;on&#8220; use_icon=&#8220;on&#8220; font_icon=&#8220;%%71%%&#8220; icon_placement=&#8220;left&#8220; content_max_width=&#8220;1000px&#8220; image_max_width_tablet=&#8220;&#8220; image_max_width_phone=&#8220;&#8220; image_max_width_last_edited=&#8220;on|desktop&#8220; content_max_width_tablet=&#8220;&#8220; content_max_width_phone=&#8220;&#8220; content_max_width_last_edited=&#8220;on|desktop&#8220; _builder_version=&#8220;3.19.8&#8243; header_text_color=&#8220;#ffffff&#8220; header_font_size=&#8220;24px&#8220; header_line_height=&#8220;1.2em&#8220; body_font=&#8220;Comfortaa||||&#8220; body_text_align=&#8220;left&#8220; body_text_color=&#8220;#ffffff&#8220; max_width=&#8220;1000px&#8220; max_width_tablet=&#8220;&#8220; max_width_phone=&#8220;&#8220; max_width_last_edited=&#8220;on|desktop&#8220; module_alignment=&#8220;right&#8220; custom_margin=&#8220;0px|||&#8220; custom_padding=&#8220;0px|||&#8220;]<\/p>\n<p>Westf\u00e4lische Rundschau (WR)<br \/> Auflage: 13179, S. 6<br \/> 31. Oktober 2018<\/p>\n<p>[\/et_pb_blurb][et_pb_blurb title=&#8220;Citizen Science-Projekt: Pilzgarten in Oberhausen&#8220; url=&#8220;https:\/\/www.facebook.com\/pg\/bmbf.de\/photos\/?tab=album&#038;album_id=1720407054755759&#038;__xts__%5B0%5D=68.ARB8BNy8Oix34dEI7W4iWgPs1K0CcVX29fiLZpRMvdKnsG-OLfrAylT37gKxIRPd-Q6cIrlP4pS4gXzZfO9Ji7M43NUMyEskRQA80yinu_0Bc4wHf3lFihmQOCDi7M_z-Jg_rjgbxzC3vMwCGQCKbU0IdXCyF2KWm5zB8Pfi5S4H28Q1j-kYT0HI2-9IPLJxKFWDKo6PgfsBC2zz3yqiCb3y4hLMRy-7UygohK6Vn41cz7GZxyk1XD-FhCSF77pKEA_SFg7FY-RJ6nmRZjwRno0NhPatBKNlxTe7x4fUxQ6GICP_W2CoVZ4ZPkvbk6oE8qHEN_y4cgJ0jxJekAFjK3Yjz61LouDKrAi1zXvlL6C1we-CgGWhLsw_Ai_eJpvtECDzMIzPHwD8fb9gtQVdxds1eaBQ12OwnhvURC5NzAG1Hkj_WrkDuYWUSHAwccYH2IvZLc10ZYeTvzq6YGwJDy_cug&#038;__tn__=-UC-R&#8220; url_new_window=&#8220;on&#8220; use_icon=&#8220;on&#8220; font_icon=&#8220;%%291%%&#8220; icon_placement=&#8220;left&#8220; content_max_width=&#8220;1000px&#8220; image_max_width_tablet=&#8220;&#8220; image_max_width_phone=&#8220;&#8220; image_max_width_last_edited=&#8220;on|desktop&#8220; content_max_width_tablet=&#8220;&#8220; content_max_width_phone=&#8220;&#8220; content_max_width_last_edited=&#8220;on|desktop&#8220; _builder_version=&#8220;3.20.2&#8243; header_text_color=&#8220;#ffffff&#8220; header_font_size=&#8220;24px&#8220; header_line_height=&#8220;1.2em&#8220; body_font=&#8220;Comfortaa||||&#8220; body_text_align=&#8220;left&#8220; body_text_color=&#8220;#ffffff&#8220; max_width=&#8220;1000px&#8220; max_width_tablet=&#8220;&#8220; max_width_phone=&#8220;&#8220; max_width_last_edited=&#8220;on|desktop&#8220; module_alignment=&#8220;right&#8220; custom_margin=&#8220;0px|||&#8220; custom_padding=&#8220;0px|||&#8220;]<\/p>\n<p>Facebook Beitrag des Bundesministeriums f\u00fcr Bildung und Forschung<br \/> 30. Oktober 2018<\/p>\n<p>[\/et_pb_blurb][et_pb_blurb title=&#8220;Citizen Science: Stadtfarmer und Forschende ernten Pilze&#8220; url=&#8220;https:\/\/www.bmbf.de\/de\/citizen-science-stadtfarmer-und-forschende-ernten-pilze-7221.html?fbclid=IwAR17IjysGMhCsJ6wlJby-wGXRP35y3AcbS60R0Yh4-hXejwTDQbWCCI3_JY&#8220; url_new_window=&#8220;on&#8220; use_icon=&#8220;on&#8220; font_icon=&#8220;%%71%%&#8220; icon_placement=&#8220;left&#8220; content_max_width=&#8220;1000px&#8220; image_max_width_tablet=&#8220;&#8220; image_max_width_phone=&#8220;&#8220; image_max_width_last_edited=&#8220;on|desktop&#8220; content_max_width_tablet=&#8220;&#8220; content_max_width_phone=&#8220;&#8220; content_max_width_last_edited=&#8220;on|desktop&#8220; _builder_version=&#8220;3.19.8&#8243; header_text_color=&#8220;#ffffff&#8220; header_font_size=&#8220;24px&#8220; header_line_height=&#8220;1.2em&#8220; body_font=&#8220;Comfortaa||||&#8220; body_text_align=&#8220;left&#8220; body_text_color=&#8220;#ffffff&#8220; max_width=&#8220;1000px&#8220; max_width_tablet=&#8220;&#8220; max_width_phone=&#8220;&#8220; max_width_last_edited=&#8220;on|desktop&#8220; module_alignment=&#8220;right&#8220; custom_margin=&#8220;0px|||&#8220; custom_padding=&#8220;0px|||&#8220; link_option_url_new_window=&#8220;on&#8220;]<\/p>\n<p>Bundesministerium f\u00fcr Bildung und Forschung \u00fcber die \u00bbessbare Stadt\u00ab Oberhausen<br \/> 30. Oktober 2018<\/p>\n<p>[\/et_pb_blurb][et_pb_blurb title=&#8220;St\u00e4dtische Kleinproduzenten vernetzen sich&#8220; url=&#8220;https:\/\/wilabonn.de\/aktuelles\/veranstaltungen\/850-sain-netzwerktreffen.html&#8220; url_new_window=&#8220;on&#8220; use_icon=&#8220;on&#8220; font_icon=&#8220;%%71%%&#8220; icon_placement=&#8220;left&#8220; content_max_width=&#8220;1000px&#8220; image_max_width_tablet=&#8220;&#8220; image_max_width_phone=&#8220;&#8220; image_max_width_last_edited=&#8220;on|desktop&#8220; content_max_width_tablet=&#8220;&#8220; content_max_width_phone=&#8220;&#8220; content_max_width_last_edited=&#8220;on|desktop&#8220; _builder_version=&#8220;3.17.6&#8243; header_text_color=&#8220;#ffffff&#8220; header_font_size=&#8220;24px&#8220; header_line_height=&#8220;1.2em&#8220; body_font=&#8220;Comfortaa||||&#8220; body_text_align=&#8220;left&#8220; body_text_color=&#8220;#ffffff&#8220; max_width=&#8220;1000px&#8220; max_width_tablet=&#8220;&#8220; max_width_phone=&#8220;&#8220; max_width_last_edited=&#8220;on|desktop&#8220; module_alignment=&#8220;right&#8220; custom_margin=&#8220;0px|||&#8220; custom_padding=&#8220;0px|||&#8220;]<\/p>\n<p>Veranstaltungseinladung<br \/>Wissenschaftsladen Bonn<br \/>2018<\/p>\n<p>[\/et_pb_blurb][et_pb_blurb title=&#8220;Was l\u00e4sst sich in der Stadt kultivieren?&#8220; url=&#8220;https:\/\/staedtische-agrikultur.de\/wp-content\/uploads\/2018\/02\/06_08_LZ_LL-53.pdf&#8220; url_new_window=&#8220;on&#8220; use_icon=&#8220;on&#8220; font_icon=&#8220;%%71%%&#8220; icon_placement=&#8220;left&#8220; content_max_width=&#8220;1000px&#8220; image_max_width_tablet=&#8220;&#8220; image_max_width_phone=&#8220;&#8220; image_max_width_last_edited=&#8220;on|desktop&#8220; content_max_width_tablet=&#8220;&#8220; content_max_width_phone=&#8220;&#8220; content_max_width_last_edited=&#8220;on|desktop&#8220; _builder_version=&#8220;3.17.6&#8243; header_text_color=&#8220;#ffffff&#8220; header_font_size=&#8220;24px&#8220; header_line_height=&#8220;1.2em&#8220; body_font=&#8220;Comfortaa||||&#8220; body_text_align=&#8220;left&#8220; body_text_color=&#8220;#ffffff&#8220; max_width=&#8220;1000px&#8220; max_width_tablet=&#8220;&#8220; max_width_phone=&#8220;&#8220; max_width_last_edited=&#8220;on|desktop&#8220; module_alignment=&#8220;right&#8220; custom_margin=&#8220;0px|||&#8220; custom_padding=&#8220;0px|||&#8220;]<\/p>\n<p>Artikel zum SAIN-Projekt in der LZ-Rheinland, Ausgabe 06-2018<br \/>08. Februar 2018<\/p>\n<p>[\/et_pb_blurb][et_pb_blurb title=&#8220;Unter der Lupe: Urban Gardening&#8220; url=&#8220;http:\/\/www.zdi-portal.de\/?wysija-page=1&#038;controller=email&#038;action=view&#038;email_id=84&#038;wysijap=subscriptions&#038;user_id=9355&#8243; url_new_window=&#8220;on&#8220; use_icon=&#8220;on&#8220; font_icon=&#8220;%%71%%&#8220; icon_placement=&#8220;left&#8220; content_max_width=&#8220;1000px&#8220; image_max_width_tablet=&#8220;&#8220; image_max_width_phone=&#8220;&#8220; image_max_width_last_edited=&#8220;on|desktop&#8220; content_max_width_tablet=&#8220;&#8220; content_max_width_phone=&#8220;&#8220; content_max_width_last_edited=&#8220;on|desktop&#8220; _builder_version=&#8220;3.17.6&#8243; header_text_color=&#8220;#ffffff&#8220; header_font_size=&#8220;24px&#8220; header_line_height=&#8220;1.2em&#8220; body_font=&#8220;Comfortaa||||&#8220; body_text_align=&#8220;left&#8220; body_text_color=&#8220;#ffffff&#8220; max_width=&#8220;1000px&#8220; max_width_tablet=&#8220;&#8220; max_width_phone=&#8220;&#8220; max_width_last_edited=&#8220;on|desktop&#8220; module_alignment=&#8220;right&#8220; custom_margin=&#8220;0px|||&#8220; custom_padding=&#8220;0px|||&#8220;]<\/p>\n<p>Beitrag \u00fcber Urban Gardening im Newsletter des zdi.NRW Portals<br \/>Januar 2018<\/p>\n<p>[\/et_pb_blurb][et_pb_blurb title=&#8220;St\u00e4dtische Agrikultur \u2013 Innovation entwickeln (SAIN) &#8220; url=&#8220;https:\/\/wilabonn.de\/projekte\/836-sain-staedtische-agrikultur.html&#8220; url_new_window=&#8220;on&#8220; use_icon=&#8220;on&#8220; font_icon=&#8220;%%71%%&#8220; icon_placement=&#8220;left&#8220; content_max_width=&#8220;1000px&#8220; image_max_width_tablet=&#8220;&#8220; image_max_width_phone=&#8220;&#8220; image_max_width_last_edited=&#8220;on|desktop&#8220; content_max_width_tablet=&#8220;&#8220; content_max_width_phone=&#8220;&#8220; content_max_width_last_edited=&#8220;on|desktop&#8220; _builder_version=&#8220;3.19.8&#8243; header_text_color=&#8220;#ffffff&#8220; header_font_size=&#8220;24px&#8220; header_line_height=&#8220;1.2em&#8220; body_font=&#8220;Comfortaa||||&#8220; body_text_align=&#8220;left&#8220; body_text_color=&#8220;#ffffff&#8220; max_width=&#8220;1000px&#8220; max_width_tablet=&#8220;&#8220; max_width_phone=&#8220;&#8220; max_width_last_edited=&#8220;on|desktop&#8220; module_alignment=&#8220;right&#8220; custom_margin=&#8220;0px|||&#8220; custom_padding=&#8220;0px|||&#8220; link_option_url_new_window=&#8220;on&#8220;]<\/p>\n<p>Vorstellung des Projektes SAIN Wissenschaftsladen Bonn<br \/> 2018<\/p>\n<p>[\/et_pb_blurb][\/et_pb_column][et_pb_column type=&#8220;1_3&#8243; _builder_version=&#8220;3.25&#8243; custom_padding=&#8220;|||&#8220; custom_padding__hover=&#8220;|||&#8220;][et_pb_blurb title=&#8220;Mit dem Lastenrad im Selbstversuch durch Bonn&#8220; url=&#8220;https:\/\/www.t-online.de\/region\/bonn\/news\/id_87355942\/bonn-testbericht-auf-dem-lastenfahrrad-durch-die-stadt.html&#8220; url_new_window=&#8220;on&#8220; use_icon=&#8220;on&#8220; font_icon=&#8220;%%71%%&#8220; icon_placement=&#8220;left&#8220; content_max_width=&#8220;1000px&#8220; image_max_width_tablet=&#8220;&#8220; image_max_width_phone=&#8220;&#8220; image_max_width_last_edited=&#8220;on|desktop&#8220; content_max_width_tablet=&#8220;&#8220; content_max_width_phone=&#8220;&#8220; content_max_width_last_edited=&#8220;on|desktop&#8220; _builder_version=&#8220;4.3.3&#8243; header_text_color=&#8220;#ffffff&#8220; header_font_size=&#8220;24px&#8220; header_line_height=&#8220;1.2em&#8220; body_font=&#8220;Comfortaa||||&#8220; body_text_align=&#8220;left&#8220; body_text_color=&#8220;#ffffff&#8220; max_width=&#8220;1000px&#8220; max_width_tablet=&#8220;&#8220; max_width_phone=&#8220;&#8220; max_width_last_edited=&#8220;on|desktop&#8220; module_alignment=&#8220;right&#8220; custom_margin=&#8220;0px|||&#8220; custom_padding=&#8220;0px|||&#8220; hover_enabled=&#8220;0&#8243;]<\/p>\n<p>Artikel \u00fcber das Lastenrad <br \/> T-Online.de <br \/> 18. Februar 2020<\/p>\n<p>[\/et_pb_blurb][et_pb_blurb title=&#8220;Citizen Science: Anwendern\u00e4he st\u00e4rken &#8220; url=&#8220;https:\/\/info.fraunhofer.de\/nachrichten-termine\/nachrichten\/Seiten\/Nachrichten\/2019\/August\/Citizen-Science-Anwendern\u00e4he-st\u00e4rken-.aspx&#8220; url_new_window=&#8220;on&#8220; use_icon=&#8220;on&#8220; font_icon=&#8220;%%71%%&#8220; icon_placement=&#8220;left&#8220; content_max_width=&#8220;1000px&#8220; image_max_width_tablet=&#8220;&#8220; image_max_width_phone=&#8220;&#8220; image_max_width_last_edited=&#8220;on|desktop&#8220; content_max_width_tablet=&#8220;&#8220; content_max_width_phone=&#8220;&#8220; content_max_width_last_edited=&#8220;on|desktop&#8220; _builder_version=&#8220;3.29.3&#8243; header_text_color=&#8220;#ffffff&#8220; header_font_size=&#8220;24px&#8220; header_line_height=&#8220;1.2em&#8220; body_font=&#8220;Comfortaa||||&#8220; body_text_align=&#8220;left&#8220; body_text_color=&#8220;#ffffff&#8220; max_width=&#8220;1000px&#8220; max_width_tablet=&#8220;&#8220; max_width_phone=&#8220;&#8220; max_width_last_edited=&#8220;on|desktop&#8220; module_alignment=&#8220;right&#8220; custom_margin=&#8220;0px|||&#8220; custom_padding=&#8220;0px|||&#8220;]<\/p>\n<p>Pressemitteilung<br \/> Fraunhofer-Gesellschaft<br \/> 29. August 2019<\/p>\n<p>[\/et_pb_blurb][et_pb_blurb title=&#8220;BOBie  &#8211; das Lastenrad mit Elektromotor&#8220; url=&#8220;https:\/\/staedtische-agrikultur.de\/wp-content\/uploads\/2019\/05\/20190521_pm_bolle-1.pdf&#8220; url_new_window=&#8220;on&#8220; use_icon=&#8220;on&#8220; font_icon=&#8220;%%71%%&#8220; icon_placement=&#8220;left&#8220; content_max_width=&#8220;1000px&#8220; image_max_width_tablet=&#8220;&#8220; image_max_width_phone=&#8220;&#8220; image_max_width_last_edited=&#8220;on|desktop&#8220; content_max_width_tablet=&#8220;&#8220; content_max_width_phone=&#8220;&#8220; content_max_width_last_edited=&#8220;on|desktop&#8220; _builder_version=&#8220;3.22.7&#8243; header_text_color=&#8220;#ffffff&#8220; header_font_size=&#8220;24px&#8220; header_line_height=&#8220;1.2em&#8220; body_font=&#8220;Comfortaa||||&#8220; body_text_align=&#8220;left&#8220; body_text_color=&#8220;#ffffff&#8220; max_width=&#8220;1000px&#8220; max_width_tablet=&#8220;&#8220; max_width_phone=&#8220;&#8220; max_width_last_edited=&#8220;on|desktop&#8220; module_alignment=&#8220;right&#8220; custom_margin=&#8220;0px|||&#8220; custom_padding=&#8220;0px|||&#8220;]<\/p>\n<p>Pressemitteilung<br \/>Bolle Bonn\/Bonn im Wandel e.V.<br \/> 21. Mai 2019<\/p>\n<p>[\/et_pb_blurb][et_pb_blurb title=&#8220;Biologische Vielfalt beginnt im eigenen Garten&#8220; url=&#8220;https:\/\/www.ble.de\/SharedDocs\/Pressemitteilungen\/DE\/2018\/181127_Biologische_Vielfalt.html&#8220; url_new_window=&#8220;on&#8220; use_icon=&#8220;on&#8220; font_icon=&#8220;%%71%%&#8220; icon_placement=&#8220;left&#8220; content_max_width=&#8220;1000px&#8220; image_max_width_tablet=&#8220;&#8220; image_max_width_phone=&#8220;&#8220; image_max_width_last_edited=&#8220;on|desktop&#8220; content_max_width_tablet=&#8220;&#8220; content_max_width_phone=&#8220;&#8220; content_max_width_last_edited=&#8220;on|desktop&#8220; _builder_version=&#8220;3.17.6&#8243; header_text_color=&#8220;#ffffff&#8220; header_font_size=&#8220;24px&#8220; header_line_height=&#8220;1.2em&#8220; body_font=&#8220;Comfortaa||||&#8220; body_text_align=&#8220;left&#8220; body_text_color=&#8220;#ffffff&#8220; max_width=&#8220;1000px&#8220; max_width_tablet=&#8220;&#8220; max_width_phone=&#8220;&#8220; max_width_last_edited=&#8220;on|desktop&#8220; module_alignment=&#8220;right&#8220; custom_margin=&#8220;0px|||&#8220; custom_padding=&#8220;0px|||&#8220;]<\/p>\n<p>Pressemitteilung der Bundesanstalt f\u00fcr Landwirtschaf und Ern\u00e4hrung<br \/>27. November 2018<\/p>\n<p>[\/et_pb_blurb][et_pb_blurb title=&#8220;Igel-Stachelbart und Shitlake locken&#8220; url=&#8220;https:\/\/www.lokalkompass.de\/oberhausen\/c-natur-garten\/igel-stachelbart-und-shitake-locken_a1018380&#8243; url_new_window=&#8220;on&#8220; use_icon=&#8220;on&#8220; font_icon=&#8220;%%71%%&#8220; icon_placement=&#8220;left&#8220; content_max_width=&#8220;1000px&#8220; image_max_width_tablet=&#8220;&#8220; image_max_width_phone=&#8220;&#8220; image_max_width_last_edited=&#8220;on|desktop&#8220; content_max_width_tablet=&#8220;&#8220; content_max_width_phone=&#8220;&#8220; content_max_width_last_edited=&#8220;on|desktop&#8220; _builder_version=&#8220;3.19.8&#8243; header_text_color=&#8220;#ffffff&#8220; header_font_size=&#8220;24px&#8220; header_line_height=&#8220;1.2em&#8220; body_font=&#8220;Comfortaa||||&#8220; body_text_align=&#8220;left&#8220; body_text_color=&#8220;#ffffff&#8220; max_width=&#8220;1000px&#8220; max_width_tablet=&#8220;&#8220; max_width_phone=&#8220;&#8220; max_width_last_edited=&#8220;on|desktop&#8220; module_alignment=&#8220;right&#8220; custom_margin=&#8220;0px|||&#8220; custom_padding=&#8220;0px|||&#8220;]<\/p>\n<p>Wochen-Anzeiger Oberhausen, Auflage: 6343<br \/>07. November 2018<\/p>\n<p>[\/et_pb_blurb][et_pb_blurb title=&#8220;Rotes Band f\u00fcr die Pilze&#8220; url_new_window=&#8220;on&#8220; use_icon=&#8220;on&#8220; font_icon=&#8220;%%71%%&#8220; icon_placement=&#8220;left&#8220; content_max_width=&#8220;1000px&#8220; image_max_width_tablet=&#8220;&#8220; image_max_width_phone=&#8220;&#8220; image_max_width_last_edited=&#8220;on|desktop&#8220; content_max_width_tablet=&#8220;&#8220; content_max_width_phone=&#8220;&#8220; content_max_width_last_edited=&#8220;on|desktop&#8220; _builder_version=&#8220;3.19.8&#8243; header_text_color=&#8220;#ffffff&#8220; header_font_size=&#8220;24px&#8220; header_line_height=&#8220;1.2em&#8220; body_font=&#8220;Comfortaa||||&#8220; body_text_align=&#8220;left&#8220; body_text_color=&#8220;#ffffff&#8220; max_width=&#8220;1000px&#8220; max_width_tablet=&#8220;&#8220; max_width_phone=&#8220;&#8220; max_width_last_edited=&#8220;on|desktop&#8220; module_alignment=&#8220;right&#8220; custom_margin=&#8220;0px|||&#8220; custom_padding=&#8220;0px|||&#8220;]<\/p>\n<p>NRZ-Artikel \u00fcber SAIN<br \/> Neue Ruhr Zeitung\u00a0 Auflage: 11209, S. 14<br \/> 01. November 2018<\/p>\n<p>[\/et_pb_blurb][et_pb_blurb title=&#8220;Pilzgarten Einweihung&#8220; url=&#8220;https:\/\/www.facebook.com\/UMSICHT\/posts\/1896507867129381&#8243; url_new_window=&#8220;on&#8220; use_icon=&#8220;on&#8220; font_icon=&#8220;%%291%%&#8220; icon_placement=&#8220;left&#8220; content_max_width=&#8220;1000px&#8220; image_max_width_tablet=&#8220;&#8220; image_max_width_phone=&#8220;&#8220; image_max_width_last_edited=&#8220;on|desktop&#8220; content_max_width_tablet=&#8220;&#8220; content_max_width_phone=&#8220;&#8220; content_max_width_last_edited=&#8220;on|desktop&#8220; _builder_version=&#8220;3.20.2&#8243; header_text_color=&#8220;#ffffff&#8220; header_font_size=&#8220;24px&#8220; header_line_height=&#8220;1.2em&#8220; body_font=&#8220;Comfortaa||||&#8220; body_text_align=&#8220;left&#8220; body_text_color=&#8220;#ffffff&#8220; max_width=&#8220;1000px&#8220; max_width_tablet=&#8220;&#8220; max_width_phone=&#8220;&#8220; max_width_last_edited=&#8220;on|desktop&#8220; module_alignment=&#8220;right&#8220; custom_margin=&#8220;0px|||&#8220; custom_padding=&#8220;0px|||&#8220; link_option_url_new_window=&#8220;on&#8220;]<\/p>\n<p>Facebook Beitrag auf der Fraunhofer UMSICHT Seite<br \/> 31. Oktober 2018<\/p>\n<p>[\/et_pb_blurb][et_pb_blurb title=&#8220;Aufbau des autarken Hochbeetes&#8220; url=&#8220;https:\/\/www.facebook.com\/1595826863806965\/posts\/2538961992826776?sfns=mo&#8220; url_new_window=&#8220;on&#8220; use_icon=&#8220;on&#8220; font_icon=&#8220;%%291%%&#8220; icon_placement=&#8220;left&#8220; content_max_width=&#8220;1000px&#8220; image_max_width_tablet=&#8220;&#8220; image_max_width_phone=&#8220;&#8220; image_max_width_last_edited=&#8220;on|desktop&#8220; content_max_width_tablet=&#8220;&#8220; content_max_width_phone=&#8220;&#8220; content_max_width_last_edited=&#8220;on|desktop&#8220; _builder_version=&#8220;3.21.1&#8243; header_text_color=&#8220;#ffffff&#8220; header_font_size=&#8220;24px&#8220; header_line_height=&#8220;1.2em&#8220; body_font=&#8220;Comfortaa||||&#8220; body_text_align=&#8220;left&#8220; body_text_color=&#8220;#ffffff&#8220; max_width=&#8220;1000px&#8220; max_width_tablet=&#8220;&#8220; max_width_phone=&#8220;&#8220; max_width_last_edited=&#8220;on|desktop&#8220; module_alignment=&#8220;right&#8220; custom_margin=&#8220;0px|||&#8220; custom_padding=&#8220;0px|||&#8220; link_option_url_new_window=&#8220;on&#8220;]<\/p>\n<p>Facebook Beitrag Stadtfr\u00fcchtchen<br \/> 18. M\u00e4rz 2019<\/p>\n<p>[\/et_pb_blurb][et_pb_blurb title=&#8220;Der erste Pilzgarten ist er\u00f6ffnet&#8220; url_new_window=&#8220;on&#8220; use_icon=&#8220;on&#8220; font_icon=&#8220;%%71%%&#8220; icon_placement=&#8220;left&#8220; content_max_width=&#8220;1000px&#8220; image_max_width_tablet=&#8220;&#8220; image_max_width_phone=&#8220;&#8220; image_max_width_last_edited=&#8220;on|desktop&#8220; content_max_width_tablet=&#8220;&#8220; content_max_width_phone=&#8220;&#8220; content_max_width_last_edited=&#8220;on|desktop&#8220; _builder_version=&#8220;3.19.8&#8243; header_text_color=&#8220;#ffffff&#8220; header_font_size=&#8220;24px&#8220; header_line_height=&#8220;1.2em&#8220; body_font=&#8220;Comfortaa||||&#8220; body_text_align=&#8220;left&#8220; body_text_color=&#8220;#ffffff&#8220; max_width=&#8220;1000px&#8220; max_width_tablet=&#8220;&#8220; max_width_phone=&#8220;&#8220; max_width_last_edited=&#8220;on|desktop&#8220; module_alignment=&#8220;right&#8220; custom_margin=&#8220;0px|||&#8220; custom_padding=&#8220;0px|||&#8220; link_option_url_new_window=&#8220;on&#8220;]<\/p>\n<p>Neue Ruhr Zeitung (NRZ)<br \/>Auflage: 11209, S. 10<br \/> 31. Oktober 2018<\/p>\n<p>[\/et_pb_blurb][et_pb_blurb title=&#8220;Haus Ripshorst er\u00f6ffnet \u00f6ffentlichen Pilzgarten&#8220; url_new_window=&#8220;on&#8220; use_icon=&#8220;on&#8220; font_icon=&#8220;%%71%%&#8220; icon_placement=&#8220;left&#8220; content_max_width=&#8220;1000px&#8220; image_max_width_tablet=&#8220;&#8220; image_max_width_phone=&#8220;&#8220; image_max_width_last_edited=&#8220;on|desktop&#8220; content_max_width_tablet=&#8220;&#8220; content_max_width_phone=&#8220;&#8220; content_max_width_last_edited=&#8220;on|desktop&#8220; _builder_version=&#8220;3.19.8&#8243; header_text_color=&#8220;#ffffff&#8220; header_font_size=&#8220;24px&#8220; header_line_height=&#8220;1.2em&#8220; body_font=&#8220;Comfortaa||||&#8220; body_text_align=&#8220;left&#8220; body_text_color=&#8220;#ffffff&#8220; max_width=&#8220;1000px&#8220; max_width_tablet=&#8220;&#8220; max_width_phone=&#8220;&#8220; max_width_last_edited=&#8220;on|desktop&#8220; module_alignment=&#8220;right&#8220; custom_margin=&#8220;0px|||&#8220; custom_padding=&#8220;0px|||&#8220; link_option_url_new_window=&#8220;on&#8220;]<\/p>\n<p>Westdeutsche Allgemeine (WAZ)<br \/> Auflage: 33406, S. 6<br \/> 31. Oktober 2018<\/p>\n<p>[\/et_pb_blurb][et_pb_blurb title=&#8220;Seitlinge, Shiitake und Igel-Stachelbart&#8220; url=&#8220;https:\/\/twitter.com\/BMBF_Bund\/status\/1057309495196561408&#8243; url_new_window=&#8220;on&#8220; use_icon=&#8220;on&#8220; font_icon=&#8220;%%292%%&#8220; icon_placement=&#8220;left&#8220; content_max_width=&#8220;1000px&#8220; image_max_width_tablet=&#8220;&#8220; image_max_width_phone=&#8220;&#8220; image_max_width_last_edited=&#8220;on|desktop&#8220; content_max_width_tablet=&#8220;&#8220; content_max_width_phone=&#8220;&#8220; content_max_width_last_edited=&#8220;on|desktop&#8220; _builder_version=&#8220;3.20.2&#8243; header_text_color=&#8220;#ffffff&#8220; header_font_size=&#8220;24px&#8220; header_line_height=&#8220;1.2em&#8220; body_font=&#8220;Comfortaa||||&#8220; body_text_align=&#8220;left&#8220; body_text_color=&#8220;#ffffff&#8220; max_width=&#8220;1000px&#8220; max_width_tablet=&#8220;&#8220; max_width_phone=&#8220;&#8220; max_width_last_edited=&#8220;on|desktop&#8220; module_alignment=&#8220;right&#8220; custom_margin=&#8220;0px|||&#8220; custom_padding=&#8220;0px|||&#8220;]<\/p>\n<p>Twitter \/ BMBF_Bund \u00fcber die Er\u00f6ffnung des Pilzgartens<br \/> 30. Oktober 2018<\/p>\n<p>[\/et_pb_blurb][et_pb_blurb title=&#8220;B\u00fcrgerforschung im Wandel&#8220; url=&#8220;https:\/\/www.taz.de\/Archiv-Suche\/!5543190&#038;s=b%C3%BCrgerforschung\/&#8220; url_new_window=&#8220;on&#8220; use_icon=&#8220;on&#8220; font_icon=&#8220;%%71%%&#8220; icon_placement=&#8220;left&#8220; content_max_width=&#8220;1000px&#8220; image_max_width_tablet=&#8220;&#8220; image_max_width_phone=&#8220;&#8220; image_max_width_last_edited=&#8220;on|desktop&#8220; content_max_width_tablet=&#8220;&#8220; content_max_width_phone=&#8220;&#8220; content_max_width_last_edited=&#8220;on|desktop&#8220; _builder_version=&#8220;3.19.8&#8243; header_text_color=&#8220;#ffffff&#8220; header_font_size=&#8220;24px&#8220; header_line_height=&#8220;1.2em&#8220; body_font=&#8220;Comfortaa||||&#8220; body_text_align=&#8220;left&#8220; body_text_color=&#8220;#ffffff&#8220; max_width=&#8220;1000px&#8220; max_width_tablet=&#8220;&#8220; max_width_phone=&#8220;&#8220; max_width_last_edited=&#8220;on|desktop&#8220; module_alignment=&#8220;right&#8220; custom_margin=&#8220;0px|||&#8220; custom_padding=&#8220;0px|||&#8220; link_option_url_new_window=&#8220;on&#8220;]<\/p>\n<p>Citizen-Science etabliert sich<br \/>Die Tageszeitung, Auflage: 50363, S. 19<br \/> 27. Oktober 2018<\/p>\n<p>[\/et_pb_blurb][et_pb_blurb title=&#8220;Pilzgarten f\u00fcr Jedermann&#8220; url_new_window=&#8220;on&#8220; use_icon=&#8220;on&#8220; font_icon=&#8220;%%71%%&#8220; icon_placement=&#8220;left&#8220; content_max_width=&#8220;1000px&#8220; image_max_width_tablet=&#8220;&#8220; image_max_width_phone=&#8220;&#8220; image_max_width_last_edited=&#8220;on|desktop&#8220; content_max_width_tablet=&#8220;&#8220; content_max_width_phone=&#8220;&#8220; content_max_width_last_edited=&#8220;on|desktop&#8220; _builder_version=&#8220;3.19.8&#8243; header_text_color=&#8220;#ffffff&#8220; header_font_size=&#8220;24px&#8220; header_line_height=&#8220;1.2em&#8220; body_font=&#8220;Comfortaa||||&#8220; body_text_align=&#8220;left&#8220; body_text_color=&#8220;#ffffff&#8220; max_width=&#8220;1000px&#8220; max_width_tablet=&#8220;&#8220; max_width_phone=&#8220;&#8220; max_width_last_edited=&#8220;on|desktop&#8220; module_alignment=&#8220;right&#8220; custom_margin=&#8220;0px|||&#8220; custom_padding=&#8220;0px|||&#8220;]<\/p>\n<p>Wochenanzeiger Oberhausen<br \/> 27. Oktober 2018<\/p>\n<p>[\/et_pb_blurb][et_pb_blurb title=&#8220;Urban Gardening: Hobbyg\u00e4rtner erzeugen Lebensmittel direkt in Bonn&#8220; url=&#8220;http:\/\/www.general-anzeiger-bonn.de\/bonn\/stadt-bonn\/Hobbyg%C3%A4rtner-erzeugen-Lebensmittel-direkt-in-Bonn-article3790179.html&#8220; url_new_window=&#8220;on&#8220; use_icon=&#8220;on&#8220; font_icon=&#8220;%%71%%&#8220; icon_placement=&#8220;left&#8220; content_max_width=&#8220;1000px&#8220; image_max_width_tablet=&#8220;&#8220; image_max_width_phone=&#8220;&#8220; image_max_width_last_edited=&#8220;on|desktop&#8220; content_max_width_tablet=&#8220;&#8220; content_max_width_phone=&#8220;&#8220; content_max_width_last_edited=&#8220;on|desktop&#8220; _builder_version=&#8220;3.17.6&#8243; header_text_color=&#8220;#ffffff&#8220; header_font_size=&#8220;24px&#8220; header_line_height=&#8220;1.2em&#8220; body_font=&#8220;Comfortaa||||&#8220; body_text_align=&#8220;left&#8220; body_text_color=&#8220;#ffffff&#8220; max_width_tablet=&#8220;&#8220; max_width_phone=&#8220;&#8220; max_width_last_edited=&#8220;on|desktop&#8220; module_alignment=&#8220;right&#8220; custom_margin=&#8220;0px|||&#8220; custom_padding=&#8220;0px|||&#8220;]<\/p>\n<p>Artikel im General-Anzeiger Bonn \u00fcber Urban Gardening<br \/>21. Februar 2018<\/p>\n<p>[\/et_pb_blurb][et_pb_blurb title=&#8220;Urban Farming gemeinsam voranbringen&#8220; url=&#8220;https:\/\/www.umsicht.fraunhofer.de\/de\/presse-medien\/pressemitteilungen\/2018\/sain.html&#8220; url_new_window=&#8220;on&#8220; use_icon=&#8220;on&#8220; font_icon=&#8220;%%71%%&#8220; icon_placement=&#8220;left&#8220; content_max_width=&#8220;1000px&#8220; image_max_width_tablet=&#8220;&#8220; image_max_width_phone=&#8220;&#8220; image_max_width_last_edited=&#8220;on|desktop&#8220; content_max_width_tablet=&#8220;&#8220; content_max_width_phone=&#8220;&#8220; content_max_width_last_edited=&#8220;on|desktop&#8220; _builder_version=&#8220;3.17.6&#8243; header_text_color=&#8220;#ffffff&#8220; header_font_size=&#8220;24px&#8220; header_line_height=&#8220;1.2em&#8220; body_font=&#8220;Comfortaa||||&#8220; body_text_align=&#8220;left&#8220; body_text_color=&#8220;#ffffff&#8220; max_width=&#8220;1000px&#8220; max_width_tablet=&#8220;&#8220; max_width_phone=&#8220;&#8220; max_width_last_edited=&#8220;on|desktop&#8220; module_alignment=&#8220;right&#8220; custom_margin=&#8220;0px|||&#8220; custom_padding=&#8220;0px|||&#8220;]<\/p>\n<p>Pressemitteilung des Fraunhofer-Instituts UMSICHT<br \/>18. Januar 2018<\/p>\n<p>[\/et_pb_blurb][\/et_pb_column][\/et_pb_row][\/et_pb_section][et_pb_section fb_built=&#8220;1&#8243; module_id=&#8220;publikationen&#8220; _builder_version=&#8220;3.22.3&#8243; background_color=&#8220;#00967f&#8220; parallax=&#8220;on&#8220; parallax_method=&#8220;off&#8220; custom_margin=&#8220;|||&#8220; custom_padding=&#8220;0|0px|0px|0|false|false&#8220; custom_css_main_element=&#8220;|| &#8222;][et_pb_row _builder_version=&#8220;3.25&#8243; custom_padding=&#8220;|||&#8220;][et_pb_column type=&#8220;4_4&#8243; _builder_version=&#8220;3.25&#8243; custom_padding=&#8220;|||&#8220; custom_padding__hover=&#8220;|||&#8220;][et_pb_divider divider_position=&#8220;center&#8220; divider_weight=&#8220;4px&#8220; _builder_version=&#8220;3.2&#8243; height=&#8220;10px&#8220; saved_tabs=&#8220;all&#8220;][\/et_pb_divider][\/et_pb_column][\/et_pb_row][\/et_pb_section][et_pb_section fb_built=&#8220;1&#8243; _builder_version=&#8220;3.22.3&#8243; background_color=&#8220;#00967f&#8220; parallax=&#8220;on&#8220; parallax_method=&#8220;off&#8220; custom_margin=&#8220;|||&#8220; custom_padding=&#8220;0px|0px|0px|0px&#8220;][et_pb_row column_structure=&#8220;1_3,1_3,1_3&#8243; _builder_version=&#8220;3.25&#8243; custom_padding=&#8220;80px||80px|&#8220;][et_pb_column type=&#8220;1_3&#8243; _builder_version=&#8220;3.25&#8243; custom_padding=&#8220;|||&#8220; custom_padding__hover=&#8220;|||&#8220;][et_pb_blurb title=&#8220;Publikationen&#8220; image_max_width=&#8220;1000px&#8220; content_max_width=&#8220;1000px&#8220; image_max_width_tablet=&#8220;&#8220; image_max_width_phone=&#8220;&#8220; image_max_width_last_edited=&#8220;on|desktop&#8220; content_max_width_tablet=&#8220;&#8220; content_max_width_phone=&#8220;&#8220; content_max_width_last_edited=&#8220;on|desktop&#8220; _builder_version=&#8220;3.17.6&#8243; header_text_color=&#8220;#ffffff&#8220; header_font_size=&#8220;42px&#8220; body_font=&#8220;Comfortaa||||&#8220; body_text_align=&#8220;left&#8220; body_text_color=&#8220;#ffffff&#8220; max_width=&#8220;1000px&#8220; max_width_tablet=&#8220;&#8220; max_width_phone=&#8220;&#8220; max_width_last_edited=&#8220;on|desktop&#8220; module_alignment=&#8220;right&#8220; custom_padding=&#8220;0px|||&#8220;][\/et_pb_blurb][\/et_pb_column][et_pb_column type=&#8220;1_3&#8243; _builder_version=&#8220;3.25&#8243; custom_padding=&#8220;|||&#8220; custom_padding__hover=&#8220;|||&#8220;][et_pb_blurb title=&#8220;Die Bedeutung von Urban Agrar f\u00fcr die Subsistenz und Resilienz westlicher Metropolen \u2013 am Beispiel von Bonn&#8220; url=&#8220;https:\/\/staedtische-agrikultur.de\/wp-content\/uploads\/2019\/03\/Urban-Gardening-als-Potential-f\u00fcr-St\u00e4dische-Lenemsmittel-Versorgung-2019.pdf&#8220; url_new_window=&#8220;on&#8220; use_icon=&#8220;on&#8220; font_icon=&#8220;%%72%%&#8220; icon_placement=&#8220;left&#8220; content_max_width=&#8220;1000px&#8220; image_max_width_tablet=&#8220;&#8220; image_max_width_phone=&#8220;&#8220; image_max_width_last_edited=&#8220;on|desktop&#8220; content_max_width_tablet=&#8220;&#8220; content_max_width_phone=&#8220;&#8220; content_max_width_last_edited=&#8220;on|desktop&#8220; _builder_version=&#8220;3.20.2&#8243; header_text_color=&#8220;#ffffff&#8220; header_font_size=&#8220;24px&#8220; header_line_height=&#8220;1.2em&#8220; body_font=&#8220;Comfortaa||||&#8220; body_text_align=&#8220;left&#8220; body_text_color=&#8220;#ffffff&#8220; max_width_tablet=&#8220;&#8220; max_width_phone=&#8220;&#8220; max_width_last_edited=&#8220;on|desktop&#8220; module_alignment=&#8220;right&#8220; custom_margin=&#8220;0px|||&#8220; custom_padding=&#8220;0px|||&#8220;]<\/p>\n<p>Hausarbeit von Lorenz Kampmeier, Alanus Hochschule f\u00fcr Kunst und Gesellschaft<br \/> 2019<\/p>\n<p>[\/et_pb_blurb][et_pb_blurb title=&#8220;Gr\u00fcn in der Stadt \u2013 F\u00fcr eine lebenswerte Zukunft&#8220; url=&#8220;http:\/\/www.bmub.bund.de\/fileadmin\/Daten_BMU\/Pools\/Broschueren\/gruenbuch_stadtgruen_broschuere_bf.pdf&#8220; url_new_window=&#8220;on&#8220; use_icon=&#8220;on&#8220; font_icon=&#8220;%%72%%&#8220; icon_placement=&#8220;left&#8220; content_max_width=&#8220;1000px&#8220; image_max_width_tablet=&#8220;&#8220; image_max_width_phone=&#8220;&#8220; image_max_width_last_edited=&#8220;on|desktop&#8220; content_max_width_tablet=&#8220;&#8220; content_max_width_phone=&#8220;&#8220; content_max_width_last_edited=&#8220;on|desktop&#8220; _builder_version=&#8220;3.17.6&#8243; header_text_color=&#8220;#ffffff&#8220; header_font_size=&#8220;24px&#8220; header_line_height=&#8220;1.2em&#8220; body_font=&#8220;Comfortaa||||&#8220; body_text_align=&#8220;left&#8220; body_text_color=&#8220;#ffffff&#8220; max_width_tablet=&#8220;&#8220; max_width_phone=&#8220;&#8220; max_width_last_edited=&#8220;on|desktop&#8220; module_alignment=&#8220;right&#8220; custom_margin=&#8220;0px|||&#8220; custom_padding=&#8220;0px|||&#8220;]<\/p>\n<p>Publikation des Bundesministeriums f\u00fcr Umwelt, Naturschutz, Bau und Reaktorsicherheit (BMUB)<br \/>Mai 2015<\/p>\n<p>[\/et_pb_blurb][\/et_pb_column][et_pb_column type=&#8220;1_3&#8243; _builder_version=&#8220;3.25&#8243; custom_padding=&#8220;|||&#8220; custom_padding__hover=&#8220;|||&#8220;][et_pb_blurb title=&#8220;Food in cities&#8220; url=&#8220;https:\/\/ec.europa.eu\/research\/openvision\/pdf\/rise\/food_in_cities.pdf&#8220; url_new_window=&#8220;on&#8220; use_icon=&#8220;on&#8220; font_icon=&#8220;%%72%%&#8220; icon_placement=&#8220;left&#8220; content_max_width=&#8220;1000px&#8220; image_max_width_tablet=&#8220;&#8220; image_max_width_phone=&#8220;&#8220; image_max_width_last_edited=&#8220;on|desktop&#8220; content_max_width_tablet=&#8220;&#8220; content_max_width_phone=&#8220;&#8220; content_max_width_last_edited=&#8220;on|desktop&#8220; _builder_version=&#8220;3.17.6&#8243; header_text_color=&#8220;#ffffff&#8220; header_font_size=&#8220;24px&#8220; header_line_height=&#8220;1.2em&#8220; body_font=&#8220;Comfortaa||||&#8220; body_text_align=&#8220;left&#8220; body_text_color=&#8220;#ffffff&#8220; max_width_tablet=&#8220;&#8220; max_width_phone=&#8220;&#8220; max_width_last_edited=&#8220;on|desktop&#8220; module_alignment=&#8220;right&#8220; custom_margin=&#8220;0px|||&#8220; custom_padding=&#8220;0px|||&#8220;]<\/p>\n<p>Study on innovation for a sustainable and healthy production, delivery, and consumption of food in cities<br \/>Publikation der Europ\u00e4ischen Kommission<br \/>July 2017<\/p>\n<p>[\/et_pb_blurb][et_pb_blurb title=&#8220;Regenwasser- und energieautarke Gem\u00fcseproduktion&#8220; url_new_window=&#8220;on&#8220; use_icon=&#8220;on&#8220; font_icon=&#8220;%%72%%&#8220; icon_placement=&#8220;left&#8220; content_max_width=&#8220;1000px&#8220; image_max_width_tablet=&#8220;&#8220; image_max_width_phone=&#8220;&#8220; image_max_width_last_edited=&#8220;on|desktop&#8220; content_max_width_tablet=&#8220;&#8220; content_max_width_phone=&#8220;&#8220; content_max_width_last_edited=&#8220;on|desktop&#8220; _builder_version=&#8220;3.20.2&#8243; header_text_color=&#8220;#ffffff&#8220; header_font_size=&#8220;24px&#8220; header_line_height=&#8220;1.2em&#8220; body_font=&#8220;Comfortaa||||&#8220; body_text_align=&#8220;left&#8220; body_text_color=&#8220;#ffffff&#8220; max_width_tablet=&#8220;&#8220; max_width_phone=&#8220;&#8220; max_width_last_edited=&#8220;on|desktop&#8220; module_alignment=&#8220;right&#8220; custom_margin=&#8220;0px|||&#8220; custom_padding=&#8220;0px|||&#8220;]<\/p>\n<p>Regenwasser- und energieautarke Gem\u00fcseproduktion mit automatischer Bew\u00e4sserung und Insektenschutz f\u00fcr urbanes G\u00e4rtnern<br \/> Stand: 2018<\/p>\n<p>[\/et_pb_blurb][\/et_pb_column][\/et_pb_row][\/et_pb_section][et_pb_section fb_built=&#8220;1&#8243; module_id=&#8220;links&#8220; _builder_version=&#8220;3.22.3&#8243; background_color=&#8220;#00967f&#8220; parallax=&#8220;on&#8220; parallax_method=&#8220;off&#8220; custom_margin=&#8220;|||&#8220; custom_padding=&#8220;0px|0px|0px|0px&#8220;][et_pb_row _builder_version=&#8220;3.25&#8243; custom_padding=&#8220;|||&#8220;][et_pb_column type=&#8220;4_4&#8243; _builder_version=&#8220;3.25&#8243; custom_padding=&#8220;|||&#8220; custom_padding__hover=&#8220;|||&#8220;][et_pb_divider divider_position=&#8220;center&#8220; divider_weight=&#8220;4px&#8220; _builder_version=&#8220;3.2&#8243; height=&#8220;10px&#8220; saved_tabs=&#8220;all&#8220;][\/et_pb_divider][\/et_pb_column][\/et_pb_row][\/et_pb_section][et_pb_section fb_built=&#8220;1&#8243; _builder_version=&#8220;3.22.3&#8243; background_color=&#8220;#00967f&#8220; parallax=&#8220;on&#8220; parallax_method=&#8220;off&#8220; custom_margin=&#8220;|||&#8220; custom_padding=&#8220;0px|0px|0px|0px&#8220;][et_pb_row column_structure=&#8220;1_3,1_3,1_3&#8243; _builder_version=&#8220;3.25&#8243; custom_padding=&#8220;80px||100px|&#8220;][et_pb_column type=&#8220;1_3&#8243; _builder_version=&#8220;3.25&#8243; custom_padding=&#8220;|||&#8220; custom_padding__hover=&#8220;|||&#8220;][et_pb_blurb title=&#8220;Links &#038; Partner&#8220; image_max_width=&#8220;1000px&#8220; content_max_width=&#8220;1000px&#8220; image_max_width_tablet=&#8220;&#8220; image_max_width_phone=&#8220;&#8220; image_max_width_last_edited=&#8220;on|desktop&#8220; content_max_width_tablet=&#8220;&#8220; content_max_width_phone=&#8220;&#8220; content_max_width_last_edited=&#8220;on|desktop&#8220; _builder_version=&#8220;3.21.4&#8243; header_text_color=&#8220;#ffffff&#8220; header_font_size=&#8220;42px&#8220; body_font=&#8220;Comfortaa||||&#8220; body_text_align=&#8220;left&#8220; body_text_color=&#8220;#ffffff&#8220; max_width_tablet=&#8220;&#8220; max_width_phone=&#8220;&#8220; max_width_last_edited=&#8220;on|desktop&#8220; module_alignment=&#8220;right&#8220; custom_padding=&#8220;0px|||&#8220;][\/et_pb_blurb][\/et_pb_column][et_pb_column type=&#8220;1_3&#8243; _builder_version=&#8220;3.25&#8243; custom_padding=&#8220;|||&#8220; custom_padding__hover=&#8220;|||&#8220;][et_pb_blurb title=&#8220;Baue ein Hochbeet mit der Maus!&#8220; url=&#8220;https:\/\/staedtische-agrikultur.de\/wp-content\/uploads\/2019\/04\/bastelanleitung-hochbeet.pdf&#8220; url_new_window=&#8220;on&#8220; use_icon=&#8220;on&#8220; font_icon=&#8220;%%71%%&#8220; icon_placement=&#8220;left&#8220; content_max_width=&#8220;1000px&#8220; image_max_width_tablet=&#8220;&#8220; image_max_width_phone=&#8220;&#8220; image_max_width_last_edited=&#8220;on|desktop&#8220; content_max_width_tablet=&#8220;&#8220; content_max_width_phone=&#8220;&#8220; content_max_width_last_edited=&#8220;on|desktop&#8220; _builder_version=&#8220;3.21.2&#8243; header_text_color=&#8220;#ffffff&#8220; header_font_size=&#8220;24px&#8220; header_line_height=&#8220;1.2em&#8220; body_font=&#8220;Comfortaa||||&#8220; body_text_align=&#8220;left&#8220; body_text_color=&#8220;#ffffff&#8220; max_width_tablet=&#8220;&#8220; max_width_phone=&#8220;&#8220; max_width_last_edited=&#8220;on|desktop&#8220; module_alignment=&#8220;right&#8220; custom_margin=&#8220;0px|||&#8220; custom_padding=&#8220;0px|||&#8220; link_option_url=&#8220;https:\/\/staedtische-agrikultur.de\/wp-content\/uploads\/2019\/04\/bastelanleitung-hochbeet.pdf&#8220;]<\/p>\n<p>Die Sendung mit der Maus \u2013 Bastelanleitung f\u00fcr ein Hochbeet<br \/> 31. M\u00e4rz.2019<\/p>\n<p>[\/et_pb_blurb][et_pb_blurb title=&#8220;Interview \/\/ Lebensmittelsituation in Bonn &#8220; url=&#8220;https:\/\/www.atelier3zeit.de\/impuls\/ernaehrunssouveraenitaet&#8220; url_new_window=&#8220;on&#8220; use_icon=&#8220;on&#8220; font_icon=&#8220;%%89%%&#8220; icon_placement=&#8220;left&#8220; content_max_width=&#8220;1000px&#8220; image_max_width_tablet=&#8220;&#8220; image_max_width_phone=&#8220;&#8220; image_max_width_last_edited=&#8220;on|desktop&#8220; content_max_width_tablet=&#8220;&#8220; content_max_width_phone=&#8220;&#8220; content_max_width_last_edited=&#8220;on|desktop&#8220; _builder_version=&#8220;3.22.7&#8243; header_text_color=&#8220;#ffffff&#8220; header_font_size=&#8220;24px&#8220; header_line_height=&#8220;1.2em&#8220; body_font=&#8220;Comfortaa||||&#8220; body_text_align=&#8220;left&#8220; body_text_color=&#8220;#ffffff&#8220; max_width=&#8220;1000px&#8220; max_width_tablet=&#8220;&#8220; max_width_phone=&#8220;&#8220; max_width_last_edited=&#8220;on|desktop&#8220; module_alignment=&#8220;right&#8220; custom_margin=&#8220;0px|||&#8220; custom_padding=&#8220;0px|||&#8220;]<\/p>\n<p>08.07.19 &#8211; Damit die Stadt ihre Ern\u00e4hrungssouver\u00e4nit\u00e4t zur\u00fcckerlangt,<br \/> muss es neue Strategien der Nahrungsmittelproduktion geben.<br \/> Eine Ern\u00e4hrung der Stadt, aus der Stadt heraus,<br \/> w\u00e4re das Ideal.<\/p>\n<p>[\/et_pb_blurb][et_pb_blurb title=&#8220;Saatgut \u2013 Grundlage der Nutzpflanzen-vielfalt&#8220; url=&#8220;https:\/\/www1.wdr.de\/radio\/wdr5\/sendungen\/neugier-genuegt\/ng-fea-saatgur-100.html&#8220; url_new_window=&#8220;on&#8220; use_icon=&#8220;on&#8220; font_icon=&#8220;%%89%%&#8220; icon_placement=&#8220;left&#8220; content_max_width=&#8220;1000px&#8220; image_max_width_tablet=&#8220;&#8220; image_max_width_phone=&#8220;&#8220; image_max_width_last_edited=&#8220;on|desktop&#8220; content_max_width_tablet=&#8220;&#8220; content_max_width_phone=&#8220;&#8220; content_max_width_last_edited=&#8220;on|desktop&#8220; _builder_version=&#8220;3.17.6&#8243; header_text_color=&#8220;#ffffff&#8220; header_font_size=&#8220;24px&#8220; header_line_height=&#8220;1.2em&#8220; body_font=&#8220;Comfortaa||||&#8220; body_text_align=&#8220;left&#8220; body_text_color=&#8220;#ffffff&#8220; max_width=&#8220;1000px&#8220; max_width_tablet=&#8220;&#8220; max_width_phone=&#8220;&#8220; max_width_last_edited=&#8220;on|desktop&#8220; module_alignment=&#8220;right&#8220; custom_margin=&#8220;0px|||&#8220; custom_padding=&#8220;0px|||&#8220;]<\/p>\n<p>Folge der Sendung &#8222;Neugier gen\u00fcgt&#8220; vom WDR 5 mit Sabine Brandi<br \/>29. M\u00e4rz 2018<\/p>\n<p>[\/et_pb_blurb][et_pb_blurb title=&#8220;Podcast \u00fcber Citizen Science&#8220; url=&#8220;https:\/\/forschergeist.de\/podcast\/fg002-citizen-science\/&#8220; url_new_window=&#8220;on&#8220; use_icon=&#8220;on&#8220; font_icon=&#8220;%%89%%&#8220; icon_placement=&#8220;left&#8220; content_max_width=&#8220;1000px&#8220; image_max_width_tablet=&#8220;&#8220; image_max_width_phone=&#8220;&#8220; image_max_width_last_edited=&#8220;on|desktop&#8220; content_max_width_tablet=&#8220;&#8220; content_max_width_phone=&#8220;&#8220; content_max_width_last_edited=&#8220;on|desktop&#8220; _builder_version=&#8220;3.17.6&#8243; header_text_color=&#8220;#ffffff&#8220; header_font_size=&#8220;24px&#8220; header_line_height=&#8220;1.2em&#8220; body_font=&#8220;Comfortaa||||&#8220; body_text_align=&#8220;left&#8220; body_text_color=&#8220;#ffffff&#8220; max_width_tablet=&#8220;&#8220; max_width_phone=&#8220;&#8220; max_width_last_edited=&#8220;on|desktop&#8220; module_alignment=&#8220;right&#8220; custom_margin=&#8220;0px|||&#8220; custom_padding=&#8220;0px|||&#8220;]<\/p>\n<p>Folge &#8218;FG002 Citizen Science&#8216; des Forschergeist-Podcasts von Tim Pritlove mit Gast Peter Finke<br \/>17. November 2014<\/p>\n<p>[\/et_pb_blurb][et_pb_blurb title=&#8220;StadtFr\u00fcchtchen &#8211; Eine Bonner Initiative&#8220; url_new_window=&#8220;on&#8220; use_icon=&#8220;on&#8220; font_icon=&#8220;%%89%%&#8220; icon_placement=&#8220;left&#8220; content_max_width=&#8220;1000px&#8220; image_max_width_tablet=&#8220;&#8220; image_max_width_phone=&#8220;&#8220; image_max_width_last_edited=&#8220;on|desktop&#8220; content_max_width_tablet=&#8220;&#8220; content_max_width_phone=&#8220;&#8220; content_max_width_last_edited=&#8220;on|desktop&#8220; _builder_version=&#8220;3.21.4&#8243; header_text_color=&#8220;#ffffff&#8220; header_font_size=&#8220;24px&#8220; header_line_height=&#8220;1.2em&#8220; body_font=&#8220;Comfortaa||||&#8220; body_text_align=&#8220;left&#8220; body_text_color=&#8220;#ffffff&#8220; max_width_tablet=&#8220;&#8220; max_width_phone=&#8220;&#8220; max_width_last_edited=&#8220;on|desktop&#8220; module_alignment=&#8220;right&#8220; custom_margin=&#8220;0px|||&#8220; custom_padding=&#8220;0px|||&#8220; z_index_tablet=&#8220;500&#8243;]<\/p>\n<p>Die Sendung mit der Maus erkl\u00e4rt, was Urban Gardening ist und wie Hochbeete gebaut werden: <a href=\"https:\/\/www.wdrmaus.de\/filme\/sachgeschichten\/urban_gardening.php5\">https:\/\/www.wdrmaus.de\/filme\/sachgeschichten\/urban_gardening.php5<\/a><\/p>\n<p>[\/et_pb_blurb][et_pb_blurb title=&#8220;Aquaponik-Anlage&#8220; url_new_window=&#8220;on&#8220; use_icon=&#8220;on&#8220; font_icon=&#8220;%%89%%&#8220; icon_placement=&#8220;left&#8220; content_max_width=&#8220;1000px&#8220; image_max_width_tablet=&#8220;&#8220; image_max_width_phone=&#8220;&#8220; image_max_width_last_edited=&#8220;on|desktop&#8220; content_max_width_tablet=&#8220;&#8220; content_max_width_phone=&#8220;&#8220; content_max_width_last_edited=&#8220;on|desktop&#8220; _builder_version=&#8220;3.22.7&#8243; header_text_color=&#8220;#ffffff&#8220; header_font_size=&#8220;24px&#8220; header_line_height=&#8220;1.2em&#8220; body_font=&#8220;Comfortaa||||&#8220; body_text_align=&#8220;left&#8220; body_text_color=&#8220;#ffffff&#8220; max_width_tablet=&#8220;&#8220; max_width_phone=&#8220;&#8220; max_width_last_edited=&#8220;on|desktop&#8220; module_alignment=&#8220;right&#8220; custom_margin=&#8220;0px|||&#8220; custom_padding=&#8220;0px|||&#8220; z_index_tablet=&#8220;500&#8243;]<\/p>\n<p>Die Sendung mit der Maus erkl\u00e4rt, was Aquaponik ist und wie eine Anlage gebaut werden: <a href=\"https:\/\/kinder.wdr.de\/tv\/die-sendung-mit-der-maus\/av\/video-sachgeschichte-aquaponik-100.html.%20\">https:\/\/kinder.wdr.de\/tv\/die-sendung-mit-der-maus\/av\/video-sachgeschichte-aquaponik-100.html.<\/a><\/p>\n<p>[\/et_pb_blurb][\/et_pb_column][et_pb_column type=&#8220;1_3&#8243; _builder_version=&#8220;3.25&#8243; custom_padding=&#8220;|||&#8220; custom_padding__hover=&#8220;|||&#8220;][et_pb_blurb title=&#8220;Green and blue the basis for a circular city &#8220; url=&#8220;http:\/\/www.urbangreenbluegrids.com\/about\/green-and-blue\/&#8220; url_new_window=&#8220;on&#8220; use_icon=&#8220;on&#8220; font_icon=&#8220;%%103%%&#8220; icon_placement=&#8220;left&#8220; content_max_width=&#8220;1000px&#8220; image_max_width_tablet=&#8220;&#8220; image_max_width_phone=&#8220;&#8220; image_max_width_last_edited=&#8220;on|desktop&#8220; content_max_width_tablet=&#8220;&#8220; content_max_width_phone=&#8220;&#8220; content_max_width_last_edited=&#8220;on|desktop&#8220; _builder_version=&#8220;3.17.6&#8243; header_text_color=&#8220;#ffffff&#8220; header_font_size=&#8220;24px&#8220; header_line_height=&#8220;1.2em&#8220; body_font=&#8220;Comfortaa||||&#8220; body_text_align=&#8220;left&#8220; body_text_color=&#8220;#ffffff&#8220; max_width=&#8220;1000px&#8220; max_width_tablet=&#8220;&#8220; max_width_phone=&#8220;&#8220; max_width_last_edited=&#8220;on|desktop&#8220; module_alignment=&#8220;right&#8220; custom_margin=&#8220;0px|||&#8220; custom_padding=&#8220;0px|||&#8220;]<\/p>\n<p>Urban Gardening und Fish Farming in Berlin<\/p>\n<p>[\/et_pb_blurb][et_pb_blurb title=&#8220;KlimNet \u2013 Stadt und Land im Fluss &#8220; url=&#8220;http:\/\/www.klimalandschaften-nrw.de&#8220; url_new_window=&#8220;on&#8220; use_icon=&#8220;on&#8220; font_icon=&#8220;%%103%%&#8220; icon_placement=&#8220;left&#8220; content_max_width=&#8220;1000px&#8220; image_max_width_tablet=&#8220;&#8220; image_max_width_phone=&#8220;&#8220; image_max_width_last_edited=&#8220;on|desktop&#8220; content_max_width_tablet=&#8220;&#8220; content_max_width_phone=&#8220;&#8220; content_max_width_last_edited=&#8220;on|desktop&#8220; _builder_version=&#8220;3.17.6&#8243; header_text_color=&#8220;#ffffff&#8220; header_font_size=&#8220;24px&#8220; header_line_height=&#8220;1.2em&#8220; body_font=&#8220;Comfortaa||||&#8220; body_text_align=&#8220;left&#8220; body_text_color=&#8220;#ffffff&#8220; max_width=&#8220;1000px&#8220; max_width_tablet=&#8220;&#8220; max_width_phone=&#8220;&#8220; max_width_last_edited=&#8220;on|desktop&#8220; module_alignment=&#8220;right&#8220; custom_margin=&#8220;0px|||&#8220; custom_padding=&#8220;0px|||&#8220;]<\/p>\n<p>Im Projekt KlimNet werden Ideen zum Umgang mit sp\u00fcrbaren Auswirkungen des Klimawandels gesammelt und Klimalandschaften analysiert.<br \/>Laufzeit: Juli 2017 &#8211; Juni 2020<\/p>\n<p>[\/et_pb_blurb][et_pb_blurb title=&#8220;Bonner Velowerft &#8220; url=&#8220;https:\/\/bonnimwandel.de\/velowerft&#8220; url_new_window=&#8220;on&#8220; use_icon=&#8220;on&#8220; font_icon=&#8220;%%103%%&#8220; icon_placement=&#8220;left&#8220; content_max_width=&#8220;1000px&#8220; image_max_width_tablet=&#8220;&#8220; image_max_width_phone=&#8220;&#8220; image_max_width_last_edited=&#8220;on|desktop&#8220; content_max_width_tablet=&#8220;&#8220; content_max_width_phone=&#8220;&#8220; content_max_width_last_edited=&#8220;on|desktop&#8220; _builder_version=&#8220;3.17.6&#8243; header_text_color=&#8220;#ffffff&#8220; header_font_size=&#8220;24px&#8220; header_line_height=&#8220;1.2em&#8220; body_font=&#8220;Comfortaa||||&#8220; body_text_align=&#8220;left&#8220; body_text_color=&#8220;#ffffff&#8220; max_width=&#8220;1000px&#8220; max_width_tablet=&#8220;&#8220; max_width_phone=&#8220;&#8220; max_width_last_edited=&#8220;on|desktop&#8220; module_alignment=&#8220;right&#8220; custom_margin=&#8220;0px|||&#8220; custom_padding=&#8220;0px|||&#8220;]<\/p>\n<p>Ziel des Projektes \u201eBonner_VeloWerft\u201c ist die F\u00f6rderung von gemeinschaftlich gebauten und genutzten Lastenr\u00e4dern in Bonn als ressourcenschonendes und umweltfreundliches Transportmittel.<br \/>Laufzeit: Oktober 2017 &#8211; September 2019<\/p>\n<p>[\/et_pb_blurb][et_pb_blurb title=&#8220;Future Food Commons&#8220; url=&#8220;http:\/\/www.fufoco.net\/index.php&#8220; url_new_window=&#8220;on&#8220; use_icon=&#8220;on&#8220; font_icon=&#8220;%%103%%&#8220; icon_placement=&#8220;left&#8220; content_max_width=&#8220;1000px&#8220; image_max_width_tablet=&#8220;&#8220; image_max_width_phone=&#8220;&#8220; image_max_width_last_edited=&#8220;on|desktop&#8220; content_max_width_tablet=&#8220;&#8220; content_max_width_phone=&#8220;&#8220; content_max_width_last_edited=&#8220;on|desktop&#8220; _builder_version=&#8220;3.17.6&#8243; header_text_color=&#8220;#ffffff&#8220; header_font_size=&#8220;24px&#8220; header_line_height=&#8220;1.2em&#8220; body_font=&#8220;Comfortaa||||&#8220; body_text_align=&#8220;left&#8220; body_text_color=&#8220;#ffffff&#8220; max_width=&#8220;1000px&#8220; max_width_tablet=&#8220;&#8220; max_width_phone=&#8220;&#8220; max_width_last_edited=&#8220;on|desktop&#8220; module_alignment=&#8220;right&#8220; custom_margin=&#8220;0px|||&#8220; custom_padding=&#8220;0px|||&#8220;]<\/p>\n<p>Forschungsprojekt zur Sharing Economy in der Lebensmittelversorgung &#8211; zu neuen Modellen von Konsumenten-Produzenten-Interaktionen, Trends und ihrer Folgenabsch\u00e4tzung<\/p>\n<p>[\/et_pb_blurb][\/et_pb_column][\/et_pb_row][et_pb_row _builder_version=&#8220;3.25&#8243; custom_padding=&#8220;0|0px|0|0px|false|false&#8220;][et_pb_column type=&#8220;4_4&#8243; _builder_version=&#8220;3.25&#8243; custom_padding=&#8220;|||&#8220; custom_padding__hover=&#8220;|||&#8220;][et_pb_text _builder_version=&#8220;3.27.4&#8243;]<\/p>\n<p>Bild: <a href=\"http:\/\/www.pixelio.de\" target=\"_blank\" rel=\"noopener noreferrer\">pixelio.de<\/a><\/p>\n<p>[\/et_pb_text][\/et_pb_column][\/et_pb_row][\/et_pb_section]<\/p>\n","protected":false},"excerpt":{"rendered":"<p>Hier finden Sie eine Zusammenstellung aus hilfreichen Erl\u00e4uterungen, Links und Downloads, geordnet nach der Art der Information. Atelier3Zeit, SAIN Lorenz Kampmeier und Andrea Muno-LindenauFolien zur Pr\u00e4sentation des Projektes SAIN vor dem BMBF in Berlin21. September 2017 Der Flyer des Forschungsprojektes SAIN zum Herunterladen und WeiterleitenApril 2018 Helfen Sie mit und sammeln Sie Daten! Das Ziel [&hellip;]<\/p>\n","protected":false},"author":2,"featured_media":0,"parent":0,"menu_order":0,"comment_status":"closed","ping_status":"closed","template":"","meta":{"_et_pb_use_builder":"on","_et_pb_old_content":"","_et_gb_content_width":"","footnotes":""},"class_list":["post-148","page","type-page","status-publish","hentry"],"yoast_head":"<!-- This site is optimized with the Yoast SEO plugin v27.5 - https:\/\/yoast.com\/product\/yoast-seo-wordpress\/ -->\n<title>Wissen &amp; Downloads - Hilfreiche Dokumente - St\u00e4dtische Agrikultur<\/title>\n<meta name=\"description\" content=\"Unter Wissen und Downloads finden Sie hilfereiche Informationen zu SAIN: Dokumente und Medien, Presse Artikel, Publikationen, Links und Partner.\" \/>\n<meta name=\"robots\" content=\"index, follow, max-snippet:-1, max-image-preview:large, max-video-preview:-1\" \/>\n<link rel=\"canonical\" href=\"https:\/\/websites.fraunhofer.de\/staedtischeagrikultur\/index.php\/wissen-downloads\/\" \/>\n<meta property=\"og:locale\" content=\"de_DE\" \/>\n<meta property=\"og:type\" content=\"article\" \/>\n<meta property=\"og:title\" content=\"Wissen &amp; Downloads - Hilfreiche Dokumente - St\u00e4dtische Agrikultur\" \/>\n<meta property=\"og:description\" content=\"Unter Wissen und Downloads finden Sie hilfereiche Informationen zu SAIN: Dokumente und Medien, Presse Artikel, Publikationen, Links und Partner.\" \/>\n<meta property=\"og:url\" content=\"https:\/\/websites.fraunhofer.de\/staedtischeagrikultur\/index.php\/wissen-downloads\/\" \/>\n<meta property=\"og:site_name\" content=\"St\u00e4dtische Agrikultur\" \/>\n<meta property=\"article:publisher\" content=\"https:\/\/www.facebook.com\/SAINagrikultur\/\" \/>\n<meta property=\"article:modified_time\" content=\"2020-02-24T15:07:01+00:00\" \/>\n<meta name=\"twitter:card\" content=\"summary_large_image\" \/>\n<meta name=\"twitter:label1\" content=\"Gesch\u00e4tzte Lesezeit\" \/>\n\t<meta name=\"twitter:data1\" content=\"39\u00a0Minuten\" \/>\n<script type=\"application\/ld+json\" class=\"yoast-schema-graph\">{\"@context\":\"https:\\\/\\\/schema.org\",\"@graph\":[{\"@type\":\"WebPage\",\"@id\":\"https:\\\/\\\/websites.fraunhofer.de\\\/staedtischeagrikultur\\\/index.php\\\/wissen-downloads\\\/\",\"url\":\"https:\\\/\\\/websites.fraunhofer.de\\\/staedtischeagrikultur\\\/index.php\\\/wissen-downloads\\\/\",\"name\":\"Wissen & Downloads - Hilfreiche Dokumente - St\u00e4dtische Agrikultur\",\"isPartOf\":{\"@id\":\"https:\\\/\\\/websites.fraunhofer.de\\\/staedtischeagrikultur\\\/#website\"},\"datePublished\":\"2017-11-06T12:10:21+00:00\",\"dateModified\":\"2020-02-24T15:07:01+00:00\",\"description\":\"Unter Wissen und Downloads finden Sie hilfereiche Informationen zu SAIN: Dokumente und Medien, Presse Artikel, Publikationen, Links und Partner.\",\"breadcrumb\":{\"@id\":\"https:\\\/\\\/websites.fraunhofer.de\\\/staedtischeagrikultur\\\/index.php\\\/wissen-downloads\\\/#breadcrumb\"},\"inLanguage\":\"de\",\"potentialAction\":[{\"@type\":\"ReadAction\",\"target\":[\"https:\\\/\\\/websites.fraunhofer.de\\\/staedtischeagrikultur\\\/index.php\\\/wissen-downloads\\\/\"]}]},{\"@type\":\"BreadcrumbList\",\"@id\":\"https:\\\/\\\/websites.fraunhofer.de\\\/staedtischeagrikultur\\\/index.php\\\/wissen-downloads\\\/#breadcrumb\",\"itemListElement\":[{\"@type\":\"ListItem\",\"position\":1,\"name\":\"Startseite\",\"item\":\"https:\\\/\\\/websites.fraunhofer.de\\\/staedtischeagrikultur\\\/\"},{\"@type\":\"ListItem\",\"position\":2,\"name\":\"Wissen &#038; Downloads\"}]},{\"@type\":\"WebSite\",\"@id\":\"https:\\\/\\\/websites.fraunhofer.de\\\/staedtischeagrikultur\\\/#website\",\"url\":\"https:\\\/\\\/websites.fraunhofer.de\\\/staedtischeagrikultur\\\/\",\"name\":\"St\u00e4dtische Agrikultur\",\"description\":\"SAIN\",\"publisher\":{\"@id\":\"https:\\\/\\\/websites.fraunhofer.de\\\/staedtischeagrikultur\\\/#organization\"},\"potentialAction\":[{\"@type\":\"SearchAction\",\"target\":{\"@type\":\"EntryPoint\",\"urlTemplate\":\"https:\\\/\\\/websites.fraunhofer.de\\\/staedtischeagrikultur\\\/?s={search_term_string}\"},\"query-input\":{\"@type\":\"PropertyValueSpecification\",\"valueRequired\":true,\"valueName\":\"search_term_string\"}}],\"inLanguage\":\"de\"},{\"@type\":\"Organization\",\"@id\":\"https:\\\/\\\/websites.fraunhofer.de\\\/staedtischeagrikultur\\\/#organization\",\"name\":\"St\u00e4dtische Agrikultur\",\"url\":\"https:\\\/\\\/websites.fraunhofer.de\\\/staedtischeagrikultur\\\/\",\"logo\":{\"@type\":\"ImageObject\",\"inLanguage\":\"de\",\"@id\":\"https:\\\/\\\/websites.fraunhofer.de\\\/staedtischeagrikultur\\\/#\\\/schema\\\/logo\\\/image\\\/\",\"url\":\"https:\\\/\\\/staedtische-agrikultur.de\\\/wp-content\\\/uploads\\\/2017\\\/10\\\/SAIN-Logo_V4_N-k\u00fcrzer_edit-170831_Fraunhofer-Gr\u00fcn.png\",\"contentUrl\":\"https:\\\/\\\/staedtische-agrikultur.de\\\/wp-content\\\/uploads\\\/2017\\\/10\\\/SAIN-Logo_V4_N-k\u00fcrzer_edit-170831_Fraunhofer-Gr\u00fcn.png\",\"width\":1666,\"height\":1666,\"caption\":\"St\u00e4dtische Agrikultur\"},\"image\":{\"@id\":\"https:\\\/\\\/websites.fraunhofer.de\\\/staedtischeagrikultur\\\/#\\\/schema\\\/logo\\\/image\\\/\"},\"sameAs\":[\"https:\\\/\\\/www.facebook.com\\\/SAINagrikultur\\\/\",\"https:\\\/\\\/www.youtube.com\\\/channel\\\/UCeFQ74xB7C6-DHKwI1k9E3Q\"]}]}<\/script>\n<!-- \/ Yoast SEO plugin. -->","yoast_head_json":{"title":"Wissen & Downloads - Hilfreiche Dokumente - St\u00e4dtische Agrikultur","description":"Unter Wissen und Downloads finden Sie hilfereiche Informationen zu SAIN: Dokumente und Medien, Presse Artikel, Publikationen, Links und Partner.","robots":{"index":"index","follow":"follow","max-snippet":"max-snippet:-1","max-image-preview":"max-image-preview:large","max-video-preview":"max-video-preview:-1"},"canonical":"https:\/\/websites.fraunhofer.de\/staedtischeagrikultur\/index.php\/wissen-downloads\/","og_locale":"de_DE","og_type":"article","og_title":"Wissen & Downloads - Hilfreiche Dokumente - St\u00e4dtische Agrikultur","og_description":"Unter Wissen und Downloads finden Sie hilfereiche Informationen zu SAIN: Dokumente und Medien, Presse Artikel, Publikationen, Links und Partner.","og_url":"https:\/\/websites.fraunhofer.de\/staedtischeagrikultur\/index.php\/wissen-downloads\/","og_site_name":"St\u00e4dtische Agrikultur","article_publisher":"https:\/\/www.facebook.com\/SAINagrikultur\/","article_modified_time":"2020-02-24T15:07:01+00:00","twitter_card":"summary_large_image","twitter_misc":{"Gesch\u00e4tzte Lesezeit":"39\u00a0Minuten"},"schema":{"@context":"https:\/\/schema.org","@graph":[{"@type":"WebPage","@id":"https:\/\/websites.fraunhofer.de\/staedtischeagrikultur\/index.php\/wissen-downloads\/","url":"https:\/\/websites.fraunhofer.de\/staedtischeagrikultur\/index.php\/wissen-downloads\/","name":"Wissen & Downloads - Hilfreiche Dokumente - St\u00e4dtische Agrikultur","isPartOf":{"@id":"https:\/\/websites.fraunhofer.de\/staedtischeagrikultur\/#website"},"datePublished":"2017-11-06T12:10:21+00:00","dateModified":"2020-02-24T15:07:01+00:00","description":"Unter Wissen und Downloads finden Sie hilfereiche Informationen zu SAIN: Dokumente und Medien, Presse Artikel, Publikationen, Links und Partner.","breadcrumb":{"@id":"https:\/\/websites.fraunhofer.de\/staedtischeagrikultur\/index.php\/wissen-downloads\/#breadcrumb"},"inLanguage":"de","potentialAction":[{"@type":"ReadAction","target":["https:\/\/websites.fraunhofer.de\/staedtischeagrikultur\/index.php\/wissen-downloads\/"]}]},{"@type":"BreadcrumbList","@id":"https:\/\/websites.fraunhofer.de\/staedtischeagrikultur\/index.php\/wissen-downloads\/#breadcrumb","itemListElement":[{"@type":"ListItem","position":1,"name":"Startseite","item":"https:\/\/websites.fraunhofer.de\/staedtischeagrikultur\/"},{"@type":"ListItem","position":2,"name":"Wissen &#038; Downloads"}]},{"@type":"WebSite","@id":"https:\/\/websites.fraunhofer.de\/staedtischeagrikultur\/#website","url":"https:\/\/websites.fraunhofer.de\/staedtischeagrikultur\/","name":"St\u00e4dtische Agrikultur","description":"SAIN","publisher":{"@id":"https:\/\/websites.fraunhofer.de\/staedtischeagrikultur\/#organization"},"potentialAction":[{"@type":"SearchAction","target":{"@type":"EntryPoint","urlTemplate":"https:\/\/websites.fraunhofer.de\/staedtischeagrikultur\/?s={search_term_string}"},"query-input":{"@type":"PropertyValueSpecification","valueRequired":true,"valueName":"search_term_string"}}],"inLanguage":"de"},{"@type":"Organization","@id":"https:\/\/websites.fraunhofer.de\/staedtischeagrikultur\/#organization","name":"St\u00e4dtische Agrikultur","url":"https:\/\/websites.fraunhofer.de\/staedtischeagrikultur\/","logo":{"@type":"ImageObject","inLanguage":"de","@id":"https:\/\/websites.fraunhofer.de\/staedtischeagrikultur\/#\/schema\/logo\/image\/","url":"https:\/\/staedtische-agrikultur.de\/wp-content\/uploads\/2017\/10\/SAIN-Logo_V4_N-k\u00fcrzer_edit-170831_Fraunhofer-Gr\u00fcn.png","contentUrl":"https:\/\/staedtische-agrikultur.de\/wp-content\/uploads\/2017\/10\/SAIN-Logo_V4_N-k\u00fcrzer_edit-170831_Fraunhofer-Gr\u00fcn.png","width":1666,"height":1666,"caption":"St\u00e4dtische Agrikultur"},"image":{"@id":"https:\/\/websites.fraunhofer.de\/staedtischeagrikultur\/#\/schema\/logo\/image\/"},"sameAs":["https:\/\/www.facebook.com\/SAINagrikultur\/","https:\/\/www.youtube.com\/channel\/UCeFQ74xB7C6-DHKwI1k9E3Q"]}]}},"_links":{"self":[{"href":"https:\/\/staedtische-agrikultur.de\/index.php\/wp-json\/wp\/v2\/pages\/148","targetHints":{"allow":["GET"]}}],"collection":[{"href":"https:\/\/staedtische-agrikultur.de\/index.php\/wp-json\/wp\/v2\/pages"}],"about":[{"href":"https:\/\/staedtische-agrikultur.de\/index.php\/wp-json\/wp\/v2\/types\/page"}],"author":[{"embeddable":true,"href":"https:\/\/staedtische-agrikultur.de\/index.php\/wp-json\/wp\/v2\/users\/2"}],"replies":[{"embeddable":true,"href":"https:\/\/staedtische-agrikultur.de\/index.php\/wp-json\/wp\/v2\/comments?post=148"}],"version-history":[{"count":1,"href":"https:\/\/staedtische-agrikultur.de\/index.php\/wp-json\/wp\/v2\/pages\/148\/revisions"}],"predecessor-version":[{"id":7448,"href":"https:\/\/staedtische-agrikultur.de\/index.php\/wp-json\/wp\/v2\/pages\/148\/revisions\/7448"}],"wp:attachment":[{"href":"https:\/\/staedtische-agrikultur.de\/index.php\/wp-json\/wp\/v2\/media?parent=148"}],"curies":[{"name":"wp","href":"https:\/\/api.w.org\/{rel}","templated":true}]}}